{"id":68,"date":"2018-10-23T10:14:37","date_gmt":"2018-10-23T08:14:37","guid":{"rendered":"http:\/\/buchverlag-reichel.de\/?page_id=68"},"modified":"2024-12-02T17:15:34","modified_gmt":"2024-12-02T16:15:34","slug":"68-2","status":"publish","type":"page","link":"https:\/\/buchverlag-reichel.de\/?page_id=68","title":{"rendered":""},"content":{"rendered":"<div class=\"wp-block-image is-resized\">\n<figure class=\"alignleft\"><img data-recalc-dims=\"1\" loading=\"lazy\" decoding=\"async\" width=\"404\" height=\"640\" data-attachment-id=\"59\" data-permalink=\"https:\/\/buchverlag-reichel.de\/?attachment_id=59\" data-orig-file=\"https:\/\/i0.wp.com\/buchverlag-reichel.de\/wp-content\/uploads\/2018\/10\/Schweinfurtkrimi-Glu%CC%88hweingift-Umschlag-2018-RGB.jpeg?fit=404%2C640&amp;ssl=1\" data-orig-size=\"404,640\" data-comments-opened=\"1\" data-image-meta=\"{&quot;aperture&quot;:&quot;0&quot;,&quot;credit&quot;:&quot;&quot;,&quot;camera&quot;:&quot;&quot;,&quot;caption&quot;:&quot;&quot;,&quot;created_timestamp&quot;:&quot;0&quot;,&quot;copyright&quot;:&quot;&quot;,&quot;focal_length&quot;:&quot;0&quot;,&quot;iso&quot;:&quot;0&quot;,&quot;shutter_speed&quot;:&quot;0&quot;,&quot;title&quot;:&quot;&quot;,&quot;orientation&quot;:&quot;0&quot;}\" data-image-title=\"Schweinfurtkrimi &#8211; Glu\u0308hweingift &#8211; Umschlag (2018) RGB\" data-image-description=\"\" data-image-caption=\"\" data-medium-file=\"https:\/\/i0.wp.com\/buchverlag-reichel.de\/wp-content\/uploads\/2018\/10\/Schweinfurtkrimi-Glu%CC%88hweingift-Umschlag-2018-RGB.jpeg?fit=189%2C300&amp;ssl=1\" data-large-file=\"https:\/\/i0.wp.com\/buchverlag-reichel.de\/wp-content\/uploads\/2018\/10\/Schweinfurtkrimi-Glu%CC%88hweingift-Umschlag-2018-RGB.jpeg?fit=404%2C640&amp;ssl=1\" src=\"https:\/\/i0.wp.com\/buchverlag-reichel.de\/wp-content\/uploads\/2018\/10\/Schweinfurtkrimi-Glu%CC%88hweingift-Umschlag-2018-RGB.jpeg?resize=404%2C640&#038;ssl=1\" alt=\"\" class=\"wp-image-59\" style=\"width:200px\" srcset=\"https:\/\/i0.wp.com\/buchverlag-reichel.de\/wp-content\/uploads\/2018\/10\/Schweinfurtkrimi-Glu%CC%88hweingift-Umschlag-2018-RGB.jpeg?w=404&amp;ssl=1 404w, https:\/\/i0.wp.com\/buchverlag-reichel.de\/wp-content\/uploads\/2018\/10\/Schweinfurtkrimi-Glu%CC%88hweingift-Umschlag-2018-RGB.jpeg?resize=189%2C300&amp;ssl=1 189w, https:\/\/i0.wp.com\/buchverlag-reichel.de\/wp-content\/uploads\/2018\/10\/Schweinfurtkrimi-Glu%CC%88hweingift-Umschlag-2018-RGB.jpeg?resize=300%2C475&amp;ssl=1 300w\" sizes=\"auto, (max-width: 404px) 100vw, 404px\" \/><\/figure><\/div>\n\n\n<p><strong>Gl\u00fchweingift<\/strong><br><em>Blacky und die Vergangenheit<\/em><\/p>\n\n\n\n<p style=\"font-size:14px\">Schweinfurter Kriminalroman 8<br>220 Seiten, Taschenbuch<br>ISBN&nbsp;978-3-947846-08-5<br>14,- EUR (D)<\/p>\n\n\n\n<p>Es ist Advent geworden in Schweinfurt. Auf dem Weihnachtsmarkt bricht eine Frau tot zusammen. Rasch verbreitet sich das Ger\u00fccht, sie sei an vergiftetem Gl\u00fchwein gestorben. Nicht ganz unschuldig daran S\u00f6ren Eckenstade, der \u00fcbereifrige Volont\u00e4r von Main-Radio Schweinfurt. W\u00e4hrenddessen wird Christian \u201eBlacky\u201c Schwarz, Moderator und Hobbydetektiv, mit der Vergangenheit konfrontiert: Manu, die gro\u00dfe Liebe seiner Jugendzeit, platzt unversehens in sein Leben. Angeblich ist ihr Ehemann spurlos verschwunden, eventuell sogar entf\u00fchrt worden. Sie zieht Blacky immer mehr in ihren Bann und f\u00fchrt ihn schwer in Versuchung. Doch was will sie wirklich von ihm? Martha Grimm, die Gro\u00dfmutter von Kriminaloberkommissarin Kerstin Wei\u00df trauert derweil um ihren verstorbenen Zimmernachbarn in der Seniorenresidenz \u201aGoldener Herbst\u2019. Die pensionierte Kriminalbeamtin ist davon \u00fcberzeugt, dass es sich bei seinem Tod um einen unentdeckten Mord handelt, und bringt damit wieder einmal die Mordkommission zur Verzweiflung. Und dann ist da noch die merkw\u00fcrdige Geschichte eines Amtsrichters, der an einem einzigen Tag jeden Boden unter den F\u00fc\u00dfen verliert und Recht und Gesetz bricht.<\/p>\n","protected":false},"excerpt":{"rendered":"<p>Gl\u00fchweingiftBlacky und die Vergangenheit Schweinfurter Kriminalroman 8220 Seiten, TaschenbuchISBN&nbsp;978-3-947846-08-514,- EUR (D) Es ist Advent geworden in Schweinfurt. Auf dem Weihnachtsmarkt bricht eine Frau tot zusammen. Rasch verbreitet sich das Ger\u00fccht, sie sei an vergiftetem Gl\u00fchwein gestorben. Nicht ganz unschuldig daran S\u00f6ren Eckenstade, der \u00fcbereifrige Volont\u00e4r von Main-Radio Schweinfurt. W\u00e4hrenddessen wird Christian \u201eBlacky\u201c Schwarz, Moderator und &hellip;<\/p>\n","protected":false},"author":1,"featured_media":0,"parent":0,"menu_order":0,"comment_status":"closed","ping_status":"closed","template":"","meta":{"jetpack_post_was_ever_published":false,"footnotes":""},"class_list":["post-68","page","type-page","status-publish","hentry","post","without-featured-image"],"jetpack_sharing_enabled":true,"jetpack_shortlink":"https:\/\/wp.me\/Pan0Xj-16","jetpack-related-posts":[{"id":121,"url":"https:\/\/buchverlag-reichel.de\/?page_id=121","url_meta":{"origin":68,"position":0},"title":"SommernachtstraumBlacky spielt mit Schweinfurter Kriminalroman\u2026","author":"bvreicheladmin","date":"23. Oktober 2018","format":false,"excerpt":"SommernachtstraumBlacky spielt mit Schweinfurter Kriminalroman 4240 Seiten, TaschenbuchISBN\u00a0978-3-947846-04-714,- EUR (D) Wie jedes Jahr ist das traditionelle Volksfest in Schweinfurt voller Attraktionen. Das\u00a0Grauenhaft gruselige Curiosit\u00e4ten-Cabinett\u00a0zieht auch Christian \u201eBlacky\u201c Schwarz und Kriminaloberkommissarin Kerstin Wei\u00df an. Aber w\u00e4hrend hier alles nur Schein und Kulisse ist, wird ausgerechnet in einer Gondel des Riesenrades eine\u2026","rel":"","context":"\u00c4hnlicher Beitrag","block_context":{"text":"\u00c4hnlicher Beitrag","link":""},"img":{"alt_text":"","src":"https:\/\/i0.wp.com\/buchverlag-reichel.de\/wp-content\/uploads\/2018\/10\/Cover_4_Sommernachtstraum.jpg?resize=350%2C200&ssl=1","width":350,"height":200,"srcset":"https:\/\/i0.wp.com\/buchverlag-reichel.de\/wp-content\/uploads\/2018\/10\/Cover_4_Sommernachtstraum.jpg?resize=350%2C200&ssl=1 1x, https:\/\/i0.wp.com\/buchverlag-reichel.de\/wp-content\/uploads\/2018\/10\/Cover_4_Sommernachtstraum.jpg?resize=525%2C300&ssl=1 1.5x"},"classes":[]},{"id":300,"url":"https:\/\/buchverlag-reichel.de\/?page_id=300","url_meta":{"origin":68,"position":1},"title":"RauhnachtgrauenBlacky in der Unterwelt Schweinfurter\u2026","author":"bvreicheladmin","date":"28. Januar 2020","format":false,"excerpt":"RauhnachtgrauenBlacky in der Unterwelt Schweinfurter Kriminalroman 9224 Seiten, TaschenbuchISBN\u00a0978-3-947846-09-214,- EUR (D) Eigentlich ist es eine stille Zeit zwischen den Jahren: die Tage und N\u00e4chte von Weihnachten bis Neujahr. Doch diesmal ist ausgerechnet jetzt in Schweinfurt der Teufel los. Zwei Mordf\u00e4lle in der Stadt und ein Mordanschlag auf Gran Canaria halten\u2026","rel":"","context":"\u00c4hnlicher Beitrag","block_context":{"text":"\u00c4hnlicher Beitrag","link":""},"img":{"alt_text":"","src":"https:\/\/i0.wp.com\/buchverlag-reichel.de\/wp-content\/uploads\/2020\/01\/Cover_9_Rauhnachtgrauen.png?resize=350%2C200&ssl=1","width":350,"height":200,"srcset":"https:\/\/i0.wp.com\/buchverlag-reichel.de\/wp-content\/uploads\/2020\/01\/Cover_9_Rauhnachtgrauen.png?resize=350%2C200&ssl=1 1x, https:\/\/i0.wp.com\/buchverlag-reichel.de\/wp-content\/uploads\/2020\/01\/Cover_9_Rauhnachtgrauen.png?resize=525%2C300&ssl=1 1.5x, https:\/\/i0.wp.com\/buchverlag-reichel.de\/wp-content\/uploads\/2020\/01\/Cover_9_Rauhnachtgrauen.png?resize=700%2C400&ssl=1 2x, https:\/\/i0.wp.com\/buchverlag-reichel.de\/wp-content\/uploads\/2020\/01\/Cover_9_Rauhnachtgrauen.png?resize=1050%2C600&ssl=1 3x, https:\/\/i0.wp.com\/buchverlag-reichel.de\/wp-content\/uploads\/2020\/01\/Cover_9_Rauhnachtgrauen.png?resize=1400%2C800&ssl=1 4x"},"classes":[]},{"id":398,"url":"https:\/\/buchverlag-reichel.de\/?page_id=398","url_meta":{"origin":68,"position":2},"title":"Die Morata-Morde","author":"bvreicheladmin","date":"20. November 2025","format":false,"excerpt":"Die Morata-MordeLinda Morata ermittelt Schweinfurter Kriminalroman 11150 Seiten, TaschenbuchISBN 978-3-947846-11-512,- EUR (D) Eine bizarre Mordserie in Schweinfurt. Ein junges M\u00e4dchen, verkleidet als Weihnachtsengel, ist das erste Opfer. Am Neujahrsmorgen wird die zweite Leiche gefunden: ein alter Mann im Kost\u00fcm eines Kaminkehrers mit einem Marzipanschwein auf der Brust. Und am Dreik\u00f6nigstag\u2026","rel":"","context":"\u00c4hnlicher Beitrag","block_context":{"text":"\u00c4hnlicher Beitrag","link":""},"img":{"alt_text":"","src":"https:\/\/i0.wp.com\/buchverlag-reichel.de\/wp-content\/uploads\/2025\/11\/BLR_LM-1_Umschlag_promo2.jpg?resize=350%2C200&ssl=1","width":350,"height":200,"srcset":"https:\/\/i0.wp.com\/buchverlag-reichel.de\/wp-content\/uploads\/2025\/11\/BLR_LM-1_Umschlag_promo2.jpg?resize=350%2C200&ssl=1 1x, https:\/\/i0.wp.com\/buchverlag-reichel.de\/wp-content\/uploads\/2025\/11\/BLR_LM-1_Umschlag_promo2.jpg?resize=525%2C300&ssl=1 1.5x, https:\/\/i0.wp.com\/buchverlag-reichel.de\/wp-content\/uploads\/2025\/11\/BLR_LM-1_Umschlag_promo2.jpg?resize=700%2C400&ssl=1 2x, https:\/\/i0.wp.com\/buchverlag-reichel.de\/wp-content\/uploads\/2025\/11\/BLR_LM-1_Umschlag_promo2.jpg?resize=1050%2C600&ssl=1 3x, https:\/\/i0.wp.com\/buchverlag-reichel.de\/wp-content\/uploads\/2025\/11\/BLR_LM-1_Umschlag_promo2.jpg?resize=1400%2C800&ssl=1 4x"},"classes":[]},{"id":123,"url":"https:\/\/buchverlag-reichel.de\/?page_id=123","url_meta":{"origin":68,"position":3},"title":"WalpurgisnachtBlacky kl\u00e4rt auf Schweinfurter Kriminalroman\u2026","author":"bvreicheladmin","date":"23. Oktober 2018","format":false,"excerpt":"WalpurgisnachtBlacky kl\u00e4rt auf Schweinfurter Kriminalroman 3254 Seiten, TaschenbuchISBN\u00a0978-3-947846-03-014,- EUR (D) Erneut ist Schweinfurt und Umgebung Schauplatz ungew\u00f6hnlicher Verbrechen. Im Hexenbr\u00fcnnle am Rande des H\u00f6llentals wird an einem Sonntagmorgen die nackte Leiche einer Frau entdeckt. Die Mordkommission unter Leitung von Kriminalhauptkommissar Wolfram Bayer steht unter Hochdruck. Denn auch aus dem Ellertsh\u00e4user\u2026","rel":"","context":"\u00c4hnlicher Beitrag","block_context":{"text":"\u00c4hnlicher Beitrag","link":""},"img":{"alt_text":"","src":"https:\/\/i0.wp.com\/buchverlag-reichel.de\/wp-content\/uploads\/2018\/10\/Cover_3_Walpurgisnacht.jpg?resize=350%2C200&ssl=1","width":350,"height":200,"srcset":"https:\/\/i0.wp.com\/buchverlag-reichel.de\/wp-content\/uploads\/2018\/10\/Cover_3_Walpurgisnacht.jpg?resize=350%2C200&ssl=1 1x, https:\/\/i0.wp.com\/buchverlag-reichel.de\/wp-content\/uploads\/2018\/10\/Cover_3_Walpurgisnacht.jpg?resize=525%2C300&ssl=1 1.5x"},"classes":[]},{"id":119,"url":"https:\/\/buchverlag-reichel.de\/?page_id=119","url_meta":{"origin":68,"position":4},"title":"Totengr\u00e4berspukBlacky sieht Gespenster Schweinfurter Kriminalroman\u2026","author":"bvreicheladmin","date":"23. Oktober 2018","format":false,"excerpt":"Totengr\u00e4berspukBlacky sieht Gespenster Schweinfurter Kriminalroman 5211 Seiten, TaschenbuchISBN\u00a0978-3-947846-05-414,- EUR (D) \u00dcberst\u00fcrzt reist Blacky mitten im Sommer nach Irland. Sein Freund Lothar, der dort Schweinfurt-Krimis schreibt, ist spurlos verschwunden. Was ist auf der Gr\u00fcnen Insel geschehen? W\u00e4hrend Blacky glaubt, dort Gespenster zu sehen, geschieht das Gleiche zuhause: Paul Neumann, den in\u2026","rel":"","context":"\u00c4hnlicher Beitrag","block_context":{"text":"\u00c4hnlicher Beitrag","link":""},"img":{"alt_text":"","src":"https:\/\/i0.wp.com\/buchverlag-reichel.de\/wp-content\/uploads\/2018\/10\/Cover_5_Totengra%CC%88berspuk.jpg?resize=350%2C200&ssl=1","width":350,"height":200,"srcset":"https:\/\/i0.wp.com\/buchverlag-reichel.de\/wp-content\/uploads\/2018\/10\/Cover_5_Totengra%CC%88berspuk.jpg?resize=350%2C200&ssl=1 1x, https:\/\/i0.wp.com\/buchverlag-reichel.de\/wp-content\/uploads\/2018\/10\/Cover_5_Totengra%CC%88berspuk.jpg?resize=525%2C300&ssl=1 1.5x"},"classes":[]},{"id":127,"url":"https:\/\/buchverlag-reichel.de\/?page_id=127","url_meta":{"origin":68,"position":5},"title":"KindertotenliederBlacky tritt auf Schweinfurter Kriminalroman\u2026","author":"bvreicheladmin","date":"23. Oktober 2018","format":false,"excerpt":"KindertotenliederBlacky tritt auf Schweinfurter Kriminalroman 1237 Seiten, TaschenbuchISBN\u00a0978-3-947846-01-614,- EUR (D) Keine n\u00e4rrischen Tage in Schweinfurt\u2026 Die Faschingszeit von Altweiberfasching bis Aschermittwoch l\u00e4hmt die Stadt. Ausgerechnet auf dem R\u00fcckert-Denkmal wird eine Leiche gefunden. Welche Feinde hatte der tote Faschingsprinz, ein angesehener B\u00fcrger Schweinfurts? Gleichzeitig besch\u00e4ftigt ein verschwundenes t\u00fcrkisches M\u00e4dchen die \u00d6ffentlichkeit.\u2026","rel":"","context":"\u00c4hnlicher Beitrag","block_context":{"text":"\u00c4hnlicher Beitrag","link":""},"img":{"alt_text":"","src":"https:\/\/i0.wp.com\/buchverlag-reichel.de\/wp-content\/uploads\/2018\/10\/Cover_1_Kindertotenlieder.jpg?resize=350%2C200&ssl=1","width":350,"height":200,"srcset":"https:\/\/i0.wp.com\/buchverlag-reichel.de\/wp-content\/uploads\/2018\/10\/Cover_1_Kindertotenlieder.jpg?resize=350%2C200&ssl=1 1x, https:\/\/i0.wp.com\/buchverlag-reichel.de\/wp-content\/uploads\/2018\/10\/Cover_1_Kindertotenlieder.jpg?resize=525%2C300&ssl=1 1.5x"},"classes":[]}],"_links":{"self":[{"href":"https:\/\/buchverlag-reichel.de\/index.php?rest_route=\/wp\/v2\/pages\/68","targetHints":{"allow":["GET"]}}],"collection":[{"href":"https:\/\/buchverlag-reichel.de\/index.php?rest_route=\/wp\/v2\/pages"}],"about":[{"href":"https:\/\/buchverlag-reichel.de\/index.php?rest_route=\/wp\/v2\/types\/page"}],"author":[{"embeddable":true,"href":"https:\/\/buchverlag-reichel.de\/index.php?rest_route=\/wp\/v2\/users\/1"}],"replies":[{"embeddable":true,"href":"https:\/\/buchverlag-reichel.de\/index.php?rest_route=%2Fwp%2Fv2%2Fcomments&post=68"}],"version-history":[{"count":6,"href":"https:\/\/buchverlag-reichel.de\/index.php?rest_route=\/wp\/v2\/pages\/68\/revisions"}],"predecessor-version":[{"id":366,"href":"https:\/\/buchverlag-reichel.de\/index.php?rest_route=\/wp\/v2\/pages\/68\/revisions\/366"}],"wp:attachment":[{"href":"https:\/\/buchverlag-reichel.de\/index.php?rest_route=%2Fwp%2Fv2%2Fmedia&parent=68"}],"curies":[{"name":"wp","href":"https:\/\/api.w.org\/{rel}","templated":true}]}}