{"id":398,"date":"2025-11-20T21:50:28","date_gmt":"2025-11-20T20:50:28","guid":{"rendered":"https:\/\/buchverlag-reichel.de\/?page_id=398"},"modified":"2025-11-20T21:59:27","modified_gmt":"2025-11-20T20:59:27","slug":"die-morata-morde","status":"publish","type":"page","link":"https:\/\/buchverlag-reichel.de\/?page_id=398","title":{"rendered":"Die Morata-Morde"},"content":{"rendered":"<div class=\"wp-block-image is-resized\">\n<figure class=\"alignleft size-large\"><img data-recalc-dims=\"1\" loading=\"lazy\" decoding=\"async\" width=\"647\" height=\"1024\" data-attachment-id=\"386\" data-permalink=\"https:\/\/buchverlag-reichel.de\/?attachment_id=386\" data-orig-file=\"https:\/\/i0.wp.com\/buchverlag-reichel.de\/wp-content\/uploads\/2025\/11\/BLR_LM-1_Umschlag_promo2.jpg?fit=1417%2C2244&amp;ssl=1\" data-orig-size=\"1417,2244\" data-comments-opened=\"1\" data-image-meta=\"{&quot;aperture&quot;:&quot;0&quot;,&quot;credit&quot;:&quot;&quot;,&quot;camera&quot;:&quot;&quot;,&quot;caption&quot;:&quot;&quot;,&quot;created_timestamp&quot;:&quot;0&quot;,&quot;copyright&quot;:&quot;&quot;,&quot;focal_length&quot;:&quot;0&quot;,&quot;iso&quot;:&quot;0&quot;,&quot;shutter_speed&quot;:&quot;0&quot;,&quot;title&quot;:&quot;&quot;,&quot;orientation&quot;:&quot;0&quot;}\" data-image-title=\"BLR_LM-1_Umschlag_promo2\" data-image-description=\"\" data-image-caption=\"\" data-medium-file=\"https:\/\/i0.wp.com\/buchverlag-reichel.de\/wp-content\/uploads\/2025\/11\/BLR_LM-1_Umschlag_promo2.jpg?fit=189%2C300&amp;ssl=1\" data-large-file=\"https:\/\/i0.wp.com\/buchverlag-reichel.de\/wp-content\/uploads\/2025\/11\/BLR_LM-1_Umschlag_promo2.jpg?fit=647%2C1024&amp;ssl=1\" src=\"https:\/\/i0.wp.com\/buchverlag-reichel.de\/wp-content\/uploads\/2025\/11\/BLR_LM-1_Umschlag_promo2.jpg?resize=647%2C1024&#038;ssl=1\" alt=\"\" class=\"wp-image-386\" style=\"width:200px\" srcset=\"https:\/\/i0.wp.com\/buchverlag-reichel.de\/wp-content\/uploads\/2025\/11\/BLR_LM-1_Umschlag_promo2.jpg?resize=647%2C1024&amp;ssl=1 647w, https:\/\/i0.wp.com\/buchverlag-reichel.de\/wp-content\/uploads\/2025\/11\/BLR_LM-1_Umschlag_promo2.jpg?resize=189%2C300&amp;ssl=1 189w, https:\/\/i0.wp.com\/buchverlag-reichel.de\/wp-content\/uploads\/2025\/11\/BLR_LM-1_Umschlag_promo2.jpg?resize=768%2C1216&amp;ssl=1 768w, https:\/\/i0.wp.com\/buchverlag-reichel.de\/wp-content\/uploads\/2025\/11\/BLR_LM-1_Umschlag_promo2.jpg?resize=970%2C1536&amp;ssl=1 970w, https:\/\/i0.wp.com\/buchverlag-reichel.de\/wp-content\/uploads\/2025\/11\/BLR_LM-1_Umschlag_promo2.jpg?resize=1293%2C2048&amp;ssl=1 1293w, https:\/\/i0.wp.com\/buchverlag-reichel.de\/wp-content\/uploads\/2025\/11\/BLR_LM-1_Umschlag_promo2.jpg?resize=1200%2C1900&amp;ssl=1 1200w, https:\/\/i0.wp.com\/buchverlag-reichel.de\/wp-content\/uploads\/2025\/11\/BLR_LM-1_Umschlag_promo2.jpg?resize=1400%2C2217&amp;ssl=1 1400w, https:\/\/i0.wp.com\/buchverlag-reichel.de\/wp-content\/uploads\/2025\/11\/BLR_LM-1_Umschlag_promo2.jpg?resize=300%2C475&amp;ssl=1 300w, https:\/\/i0.wp.com\/buchverlag-reichel.de\/wp-content\/uploads\/2025\/11\/BLR_LM-1_Umschlag_promo2.jpg?w=1417&amp;ssl=1 1417w\" sizes=\"auto, (max-width: 647px) 100vw, 647px\" \/><\/figure><\/div>\n\n\n<p><strong>Die Morata-Morde<\/strong><br><em>Linda Morata ermittelt<\/em><\/p>\n\n\n\n<p style=\"font-size:14px\">Schweinfurter Kriminalroman 11<br>150 Seiten, Taschenbuch<br>ISBN 978-3-947846-11-5<br>12,- EUR (D)<\/p>\n\n\n\n<p>Eine bizarre Mordserie in Schweinfurt. Ein junges M\u00e4dchen, verkleidet als Weihnachtsengel, ist das erste Opfer. Am Neujahrsmorgen wird die zweite Leiche gefunden: ein alter Mann im Kost\u00fcm eines Kaminkehrers mit einem Marzipanschwein auf der Brust. Und am Dreik\u00f6nigstag dann der dritte Tote. Er ist als Sternsingerk\u00f6nig verkleidet. Die Mordkommission verliert rasch den \u00dcberblick \u00fcber die r\u00e4tselhaften Andeutungen und Symbole. Gegen den Widerstand ihres neuen Leiters, Kriminalhauptkommissar Harry Ode, wird eine Profilerin aus M\u00fcnchen hinzugezogen. Die Polizeipsychologin Linda Morata hatte in der Weihnachtszeit bereits geheimnisvolle Botschaften erhalten, die offenbar auf die Schweinfurter Morde hindeuten sollten. In der Stadt am Main steht sie dann vor verwirrenden Fragen: Wer ist Lollus? Haben die drei Mordf\u00e4lle eine geheimnisvolle Verbindung zu Olympia Morata, der gelehrten Frau, die vor 500 Jahren in Schweinfurt gelebt hat? Und hat sie selbst aufgrund ihres Namens etwas mit diesen Morden zu tun? Linda Morata ermittelt akribisch und gr\u00e4bt tief: in der Geschichte der alten Reichsstadt und in ihrer eigenen Vergangenheit. Mit Hilfe der pensionierten Kriminalbeamtin Martha Grimm versucht sie, das R\u00e4tsel der Olympia Morata zu l\u00f6sen und ger\u00e4t dabei selbst in Gefahr.<\/p>\n\n\n\n<p><\/p>\n","protected":false},"excerpt":{"rendered":"<p>Die Morata-MordeLinda Morata ermittelt Schweinfurter Kriminalroman 11150 Seiten, TaschenbuchISBN 978-3-947846-11-512,- EUR (D) Eine bizarre Mordserie in Schweinfurt. Ein junges M\u00e4dchen, verkleidet als Weihnachtsengel, ist das erste Opfer. Am Neujahrsmorgen wird die zweite Leiche gefunden: ein alter Mann im Kost\u00fcm eines Kaminkehrers mit einem Marzipanschwein auf der Brust. Und am Dreik\u00f6nigstag dann der dritte Tote. Er &hellip;<\/p>\n","protected":false},"author":1,"featured_media":0,"parent":0,"menu_order":0,"comment_status":"closed","ping_status":"closed","template":"","meta":{"jetpack_post_was_ever_published":false,"footnotes":""},"class_list":["post-398","page","type-page","status-publish","hentry","post","without-featured-image"],"jetpack_sharing_enabled":true,"jetpack_shortlink":"https:\/\/wp.me\/Pan0Xj-6q","jetpack-related-posts":[{"id":26,"url":"https:\/\/buchverlag-reichel.de\/","url_meta":{"origin":398,"position":0},"title":"Jetzt erh\u00e4ltlich:Die Morata-Morde - Linda\u2026","author":"bvreicheladmin","date":"18. Oktober 2018","format":false,"excerpt":"Jetzt erh\u00e4ltlich:Die Morata-Morde - Linda Morata ermittelt Der 11. Band bringt eine neue Ermittlerin nach Schweinfurt... Mehr erfahren","rel":"","context":"\u00c4hnlicher Beitrag","block_context":{"text":"\u00c4hnlicher Beitrag","link":""},"img":{"alt_text":"","src":"https:\/\/i0.wp.com\/buchverlag-reichel.de\/wp-content\/uploads\/2025\/11\/BLR_LM-1_Umschlag_promo2.jpg?resize=350%2C200&ssl=1","width":350,"height":200,"srcset":"https:\/\/i0.wp.com\/buchverlag-reichel.de\/wp-content\/uploads\/2025\/11\/BLR_LM-1_Umschlag_promo2.jpg?resize=350%2C200&ssl=1 1x, https:\/\/i0.wp.com\/buchverlag-reichel.de\/wp-content\/uploads\/2025\/11\/BLR_LM-1_Umschlag_promo2.jpg?resize=525%2C300&ssl=1 1.5x, https:\/\/i0.wp.com\/buchverlag-reichel.de\/wp-content\/uploads\/2025\/11\/BLR_LM-1_Umschlag_promo2.jpg?resize=700%2C400&ssl=1 2x, https:\/\/i0.wp.com\/buchverlag-reichel.de\/wp-content\/uploads\/2025\/11\/BLR_LM-1_Umschlag_promo2.jpg?resize=1050%2C600&ssl=1 3x, https:\/\/i0.wp.com\/buchverlag-reichel.de\/wp-content\/uploads\/2025\/11\/BLR_LM-1_Umschlag_promo2.jpg?resize=1400%2C800&ssl=1 4x"},"classes":[]},{"id":16,"url":"https:\/\/buchverlag-reichel.de\/?page_id=16","url_meta":{"origin":398,"position":1},"title":"B\u00fccher","author":"bvreicheladmin","date":"18. Oktober 2018","format":false,"excerpt":"Schweinfurter Kriminalromane Jetzt erh\u00e4ltlich: Band 11: Die Morata-Morde - Linda Morata ermittelt B\u00e4nde 1-10 (Die \"Blacky\"-Reihe): Weitere B\u00fccher","rel":"","context":"\u00c4hnlicher Beitrag","block_context":{"text":"\u00c4hnlicher Beitrag","link":""},"img":{"alt_text":"","src":"https:\/\/i0.wp.com\/buchverlag-reichel.de\/wp-content\/uploads\/2025\/11\/BLR_LM-1_Umschlag_promo2.jpg?resize=350%2C200&ssl=1","width":350,"height":200,"srcset":"https:\/\/i0.wp.com\/buchverlag-reichel.de\/wp-content\/uploads\/2025\/11\/BLR_LM-1_Umschlag_promo2.jpg?resize=350%2C200&ssl=1 1x, https:\/\/i0.wp.com\/buchverlag-reichel.de\/wp-content\/uploads\/2025\/11\/BLR_LM-1_Umschlag_promo2.jpg?resize=525%2C300&ssl=1 1.5x, https:\/\/i0.wp.com\/buchverlag-reichel.de\/wp-content\/uploads\/2025\/11\/BLR_LM-1_Umschlag_promo2.jpg?resize=700%2C400&ssl=1 2x, https:\/\/i0.wp.com\/buchverlag-reichel.de\/wp-content\/uploads\/2025\/11\/BLR_LM-1_Umschlag_promo2.jpg?resize=1050%2C600&ssl=1 3x, https:\/\/i0.wp.com\/buchverlag-reichel.de\/wp-content\/uploads\/2025\/11\/BLR_LM-1_Umschlag_promo2.jpg?resize=1400%2C800&ssl=1 4x"},"classes":[]},{"id":116,"url":"https:\/\/buchverlag-reichel.de\/?page_id=116","url_meta":{"origin":398,"position":2},"title":"HerbstzeitlosenBlacky blickt durch Schweinfurter Kriminalroman\u2026","author":"bvreicheladmin","date":"23. Oktober 2018","format":false,"excerpt":"HerbstzeitlosenBlacky blickt durch Schweinfurter Kriminalroman 6255 Seiten, TaschenbuchISBN\u00a0978-3-947846-06-114,- EUR (D) In Schweinfurt beginnt allm\u00e4hlich der Herbst, und Radiomoderator Christian \u201eBlacky\u201c Schwarz hat es erneut mit einem kniffligen Fall zu tun. Der Leiter der Mordkommis\u00adsion, Kriminalhauptkommissar Wolfram Bayer, und Kri\u00adminaloberkommissarin Kerstin Wei\u00df bitten ihn diskret um Mithilfe. Im Konferenzzentrum auf der\u2026","rel":"","context":"\u00c4hnlicher Beitrag","block_context":{"text":"\u00c4hnlicher Beitrag","link":""},"img":{"alt_text":"","src":"https:\/\/i0.wp.com\/buchverlag-reichel.de\/wp-content\/uploads\/2018\/10\/Cover_6_Herbstzeitlosen.jpg?resize=350%2C200&ssl=1","width":350,"height":200,"srcset":"https:\/\/i0.wp.com\/buchverlag-reichel.de\/wp-content\/uploads\/2018\/10\/Cover_6_Herbstzeitlosen.jpg?resize=350%2C200&ssl=1 1x, https:\/\/i0.wp.com\/buchverlag-reichel.de\/wp-content\/uploads\/2018\/10\/Cover_6_Herbstzeitlosen.jpg?resize=525%2C300&ssl=1 1.5x"},"classes":[]},{"id":300,"url":"https:\/\/buchverlag-reichel.de\/?page_id=300","url_meta":{"origin":398,"position":3},"title":"RauhnachtgrauenBlacky in der Unterwelt Schweinfurter\u2026","author":"bvreicheladmin","date":"28. Januar 2020","format":false,"excerpt":"RauhnachtgrauenBlacky in der Unterwelt Schweinfurter Kriminalroman 9224 Seiten, TaschenbuchISBN\u00a0978-3-947846-09-214,- EUR (D) Eigentlich ist es eine stille Zeit zwischen den Jahren: die Tage und N\u00e4chte von Weihnachten bis Neujahr. Doch diesmal ist ausgerechnet jetzt in Schweinfurt der Teufel los. Zwei Mordf\u00e4lle in der Stadt und ein Mordanschlag auf Gran Canaria halten\u2026","rel":"","context":"\u00c4hnlicher Beitrag","block_context":{"text":"\u00c4hnlicher Beitrag","link":""},"img":{"alt_text":"","src":"https:\/\/i0.wp.com\/buchverlag-reichel.de\/wp-content\/uploads\/2020\/01\/Cover_9_Rauhnachtgrauen.png?resize=350%2C200&ssl=1","width":350,"height":200,"srcset":"https:\/\/i0.wp.com\/buchverlag-reichel.de\/wp-content\/uploads\/2020\/01\/Cover_9_Rauhnachtgrauen.png?resize=350%2C200&ssl=1 1x, https:\/\/i0.wp.com\/buchverlag-reichel.de\/wp-content\/uploads\/2020\/01\/Cover_9_Rauhnachtgrauen.png?resize=525%2C300&ssl=1 1.5x, https:\/\/i0.wp.com\/buchverlag-reichel.de\/wp-content\/uploads\/2020\/01\/Cover_9_Rauhnachtgrauen.png?resize=700%2C400&ssl=1 2x, https:\/\/i0.wp.com\/buchverlag-reichel.de\/wp-content\/uploads\/2020\/01\/Cover_9_Rauhnachtgrauen.png?resize=1050%2C600&ssl=1 3x, https:\/\/i0.wp.com\/buchverlag-reichel.de\/wp-content\/uploads\/2020\/01\/Cover_9_Rauhnachtgrauen.png?resize=1400%2C800&ssl=1 4x"},"classes":[]},{"id":119,"url":"https:\/\/buchverlag-reichel.de\/?page_id=119","url_meta":{"origin":398,"position":4},"title":"Totengr\u00e4berspukBlacky sieht Gespenster Schweinfurter Kriminalroman\u2026","author":"bvreicheladmin","date":"23. Oktober 2018","format":false,"excerpt":"Totengr\u00e4berspukBlacky sieht Gespenster Schweinfurter Kriminalroman 5211 Seiten, TaschenbuchISBN\u00a0978-3-947846-05-414,- EUR (D) \u00dcberst\u00fcrzt reist Blacky mitten im Sommer nach Irland. Sein Freund Lothar, der dort Schweinfurt-Krimis schreibt, ist spurlos verschwunden. Was ist auf der Gr\u00fcnen Insel geschehen? W\u00e4hrend Blacky glaubt, dort Gespenster zu sehen, geschieht das Gleiche zuhause: Paul Neumann, den in\u2026","rel":"","context":"\u00c4hnlicher Beitrag","block_context":{"text":"\u00c4hnlicher Beitrag","link":""},"img":{"alt_text":"","src":"https:\/\/i0.wp.com\/buchverlag-reichel.de\/wp-content\/uploads\/2018\/10\/Cover_5_Totengra%CC%88berspuk.jpg?resize=350%2C200&ssl=1","width":350,"height":200,"srcset":"https:\/\/i0.wp.com\/buchverlag-reichel.de\/wp-content\/uploads\/2018\/10\/Cover_5_Totengra%CC%88berspuk.jpg?resize=350%2C200&ssl=1 1x, https:\/\/i0.wp.com\/buchverlag-reichel.de\/wp-content\/uploads\/2018\/10\/Cover_5_Totengra%CC%88berspuk.jpg?resize=525%2C300&ssl=1 1.5x"},"classes":[]},{"id":359,"url":"https:\/\/buchverlag-reichel.de\/?page_id=359","url_meta":{"origin":398,"position":5},"title":"Mondscheinsonate","author":"bvreicheladmin","date":"2. Dezember 2024","format":false,"excerpt":"MondscheinsonateBlackys letzter Fall Schweinfurter Kriminalroman 10236 Seiten, TaschenbuchISBN\u00a0978-3-947846-10-814,- EUR (D) Kurz nach ihrer Ernennung zur Leiterin der Schweinfurter Mordkommission wird auf Kriminalhauptkommissarin Kerstin Wei\u00df ein Anschlag ver\u00fcbt. Am gleichen Tag geschieht im Schweinfurter Theater ein bizarrer Mord. Der weltber\u00fchmte russische Pianist Swjatoslav G. Langowitz wird vor einem Konzertauftritt erstochen aufgefunden.\u2026","rel":"","context":"\u00c4hnlicher Beitrag","block_context":{"text":"\u00c4hnlicher Beitrag","link":""},"img":{"alt_text":"","src":"https:\/\/i0.wp.com\/buchverlag-reichel.de\/wp-content\/uploads\/2024\/11\/2024-11-23-Schweinfurtkrimi-Mondscheinsonate-Umschlag-2024-CMYK.jpg?resize=350%2C200&ssl=1","width":350,"height":200,"srcset":"https:\/\/i0.wp.com\/buchverlag-reichel.de\/wp-content\/uploads\/2024\/11\/2024-11-23-Schweinfurtkrimi-Mondscheinsonate-Umschlag-2024-CMYK.jpg?resize=350%2C200&ssl=1 1x, https:\/\/i0.wp.com\/buchverlag-reichel.de\/wp-content\/uploads\/2024\/11\/2024-11-23-Schweinfurtkrimi-Mondscheinsonate-Umschlag-2024-CMYK.jpg?resize=525%2C300&ssl=1 1.5x, https:\/\/i0.wp.com\/buchverlag-reichel.de\/wp-content\/uploads\/2024\/11\/2024-11-23-Schweinfurtkrimi-Mondscheinsonate-Umschlag-2024-CMYK.jpg?resize=700%2C400&ssl=1 2x, https:\/\/i0.wp.com\/buchverlag-reichel.de\/wp-content\/uploads\/2024\/11\/2024-11-23-Schweinfurtkrimi-Mondscheinsonate-Umschlag-2024-CMYK.jpg?resize=1050%2C600&ssl=1 3x, https:\/\/i0.wp.com\/buchverlag-reichel.de\/wp-content\/uploads\/2024\/11\/2024-11-23-Schweinfurtkrimi-Mondscheinsonate-Umschlag-2024-CMYK.jpg?resize=1400%2C800&ssl=1 4x"},"classes":[]}],"_links":{"self":[{"href":"https:\/\/buchverlag-reichel.de\/index.php?rest_route=\/wp\/v2\/pages\/398","targetHints":{"allow":["GET"]}}],"collection":[{"href":"https:\/\/buchverlag-reichel.de\/index.php?rest_route=\/wp\/v2\/pages"}],"about":[{"href":"https:\/\/buchverlag-reichel.de\/index.php?rest_route=\/wp\/v2\/types\/page"}],"author":[{"embeddable":true,"href":"https:\/\/buchverlag-reichel.de\/index.php?rest_route=\/wp\/v2\/users\/1"}],"replies":[{"embeddable":true,"href":"https:\/\/buchverlag-reichel.de\/index.php?rest_route=%2Fwp%2Fv2%2Fcomments&post=398"}],"version-history":[{"count":4,"href":"https:\/\/buchverlag-reichel.de\/index.php?rest_route=\/wp\/v2\/pages\/398\/revisions"}],"predecessor-version":[{"id":409,"href":"https:\/\/buchverlag-reichel.de\/index.php?rest_route=\/wp\/v2\/pages\/398\/revisions\/409"}],"wp:attachment":[{"href":"https:\/\/buchverlag-reichel.de\/index.php?rest_route=%2Fwp%2Fv2%2Fmedia&parent=398"}],"curies":[{"name":"wp","href":"https:\/\/api.w.org\/{rel}","templated":true}]}}