{"id":359,"date":"2024-12-02T17:14:10","date_gmt":"2024-12-02T16:14:10","guid":{"rendered":"https:\/\/buchverlag-reichel.de\/?page_id=359"},"modified":"2025-11-20T21:50:13","modified_gmt":"2025-11-20T20:50:13","slug":"359-2","status":"publish","type":"page","link":"https:\/\/buchverlag-reichel.de\/?page_id=359","title":{"rendered":"Mondscheinsonate"},"content":{"rendered":"<div class=\"wp-block-image is-resized\">\n<figure class=\"alignleft size-large\"><img data-recalc-dims=\"1\" loading=\"lazy\" decoding=\"async\" width=\"647\" height=\"1024\" data-attachment-id=\"347\" data-permalink=\"https:\/\/buchverlag-reichel.de\/?attachment_id=347\" data-orig-file=\"https:\/\/i0.wp.com\/buchverlag-reichel.de\/wp-content\/uploads\/2024\/11\/2024-11-23-Schweinfurtkrimi-Mondscheinsonate-Umschlag-2024-CMYK.jpg?fit=1417%2C2244&amp;ssl=1\" data-orig-size=\"1417,2244\" data-comments-opened=\"1\" data-image-meta=\"{&quot;aperture&quot;:&quot;0&quot;,&quot;credit&quot;:&quot;&quot;,&quot;camera&quot;:&quot;&quot;,&quot;caption&quot;:&quot;&quot;,&quot;created_timestamp&quot;:&quot;0&quot;,&quot;copyright&quot;:&quot;&quot;,&quot;focal_length&quot;:&quot;0&quot;,&quot;iso&quot;:&quot;0&quot;,&quot;shutter_speed&quot;:&quot;0&quot;,&quot;title&quot;:&quot;&quot;,&quot;orientation&quot;:&quot;1&quot;}\" data-image-title=\"2024-11-23-Schweinfurtkrimi-Mondscheinsonate-Umschlag-2024-CMYK\" data-image-description=\"\" data-image-caption=\"\" data-medium-file=\"https:\/\/i0.wp.com\/buchverlag-reichel.de\/wp-content\/uploads\/2024\/11\/2024-11-23-Schweinfurtkrimi-Mondscheinsonate-Umschlag-2024-CMYK.jpg?fit=189%2C300&amp;ssl=1\" data-large-file=\"https:\/\/i0.wp.com\/buchverlag-reichel.de\/wp-content\/uploads\/2024\/11\/2024-11-23-Schweinfurtkrimi-Mondscheinsonate-Umschlag-2024-CMYK.jpg?fit=647%2C1024&amp;ssl=1\" src=\"https:\/\/i0.wp.com\/buchverlag-reichel.de\/wp-content\/uploads\/2024\/11\/2024-11-23-Schweinfurtkrimi-Mondscheinsonate-Umschlag-2024-CMYK.jpg?resize=647%2C1024&#038;ssl=1\" alt=\"\" class=\"wp-image-347\" style=\"width:200px\" srcset=\"https:\/\/i0.wp.com\/buchverlag-reichel.de\/wp-content\/uploads\/2024\/11\/2024-11-23-Schweinfurtkrimi-Mondscheinsonate-Umschlag-2024-CMYK.jpg?resize=647%2C1024&amp;ssl=1 647w, https:\/\/i0.wp.com\/buchverlag-reichel.de\/wp-content\/uploads\/2024\/11\/2024-11-23-Schweinfurtkrimi-Mondscheinsonate-Umschlag-2024-CMYK.jpg?resize=189%2C300&amp;ssl=1 189w, https:\/\/i0.wp.com\/buchverlag-reichel.de\/wp-content\/uploads\/2024\/11\/2024-11-23-Schweinfurtkrimi-Mondscheinsonate-Umschlag-2024-CMYK.jpg?resize=768%2C1216&amp;ssl=1 768w, https:\/\/i0.wp.com\/buchverlag-reichel.de\/wp-content\/uploads\/2024\/11\/2024-11-23-Schweinfurtkrimi-Mondscheinsonate-Umschlag-2024-CMYK.jpg?resize=970%2C1536&amp;ssl=1 970w, https:\/\/i0.wp.com\/buchverlag-reichel.de\/wp-content\/uploads\/2024\/11\/2024-11-23-Schweinfurtkrimi-Mondscheinsonate-Umschlag-2024-CMYK.jpg?resize=1293%2C2048&amp;ssl=1 1293w, https:\/\/i0.wp.com\/buchverlag-reichel.de\/wp-content\/uploads\/2024\/11\/2024-11-23-Schweinfurtkrimi-Mondscheinsonate-Umschlag-2024-CMYK.jpg?resize=1200%2C1900&amp;ssl=1 1200w, https:\/\/i0.wp.com\/buchverlag-reichel.de\/wp-content\/uploads\/2024\/11\/2024-11-23-Schweinfurtkrimi-Mondscheinsonate-Umschlag-2024-CMYK.jpg?resize=1400%2C2217&amp;ssl=1 1400w, https:\/\/i0.wp.com\/buchverlag-reichel.de\/wp-content\/uploads\/2024\/11\/2024-11-23-Schweinfurtkrimi-Mondscheinsonate-Umschlag-2024-CMYK.jpg?resize=300%2C475&amp;ssl=1 300w, https:\/\/i0.wp.com\/buchverlag-reichel.de\/wp-content\/uploads\/2024\/11\/2024-11-23-Schweinfurtkrimi-Mondscheinsonate-Umschlag-2024-CMYK.jpg?w=1417&amp;ssl=1 1417w\" sizes=\"auto, (max-width: 647px) 100vw, 647px\" \/><\/figure><\/div>\n\n\n<p><strong>Mondscheinsonate<br><\/strong><em>Blackys letzter Fall<\/em><\/p>\n\n\n\n<p style=\"font-size:14px\">Schweinfurter Kriminalroman 10<br>236 Seiten, Taschenbuch<br>ISBN\u00a0978-3-947846-10-8<br>14,- EUR (D)<\/p>\n\n\n\n<p>Kurz nach ihrer Ernennung zur Leiterin der Schweinfurter Mordkommission wird auf Kriminalhauptkommissarin Kerstin Wei\u00df ein Anschlag ver\u00fcbt. Am gleichen Tag geschieht im Schweinfurter Theater ein bizarrer Mord. Der weltber\u00fchmte russische Pianist Swjatoslav G. Langowitz wird vor einem Konzertauftritt erstochen aufgefunden. Das R\u00e4tselhafte daran: Die T\u00fcr zur K\u00fcnstlergarderobe ist von innen verschlossen. So stellt sich die Frage, wie das Verbrechen ver\u00fcbt wurde und auf welche Weise der T\u00e4ter oder die T\u00e4terin den Raum verlassen konnte. Eine echte Herausforderung f\u00fcr den Radiomoderator Christian \u201eBlacky\u201c Schwarz und seinen Freund Lothar, den Kriminalschriftsteller aus Irland. Bei ihren Ermittlungen sto\u00dfen sie auf seltsame Zusammenh\u00e4nge. Es gibt Ger\u00fcchte in der Stadt, wonach in Vollmondn\u00e4chten Wassernixen im gro\u00dfen Springbrunnen in den Wehranlagen baden und um das \u201eSchwarze Loch\u201c am Sennfelder See tanzen. Martha Grimm, die Gro\u00dfmutter von Kerstin Wei\u00df, macht sich als ehemalige Kriminalbeamtin auf die Suche nach den Hintergr\u00fcnden des Anschlags auf ihre Enkelin. Zusammen mit Blacky kl\u00e4rt sie dabei den Doppelmord am Icedom auf, der vor Jahren die Schweinfurter Kripo in Atem hielt.<\/p>\n","protected":false},"excerpt":{"rendered":"<p>MondscheinsonateBlackys letzter Fall Schweinfurter Kriminalroman 10236 Seiten, TaschenbuchISBN\u00a0978-3-947846-10-814,- EUR (D) Kurz nach ihrer Ernennung zur Leiterin der Schweinfurter Mordkommission wird auf Kriminalhauptkommissarin Kerstin Wei\u00df ein Anschlag ver\u00fcbt. Am gleichen Tag geschieht im Schweinfurter Theater ein bizarrer Mord. Der weltber\u00fchmte russische Pianist Swjatoslav G. Langowitz wird vor einem Konzertauftritt erstochen aufgefunden. Das R\u00e4tselhafte daran: Die T\u00fcr &hellip;<\/p>\n","protected":false},"author":1,"featured_media":0,"parent":0,"menu_order":0,"comment_status":"closed","ping_status":"closed","template":"","meta":{"jetpack_post_was_ever_published":false,"footnotes":""},"class_list":["post-359","page","type-page","status-publish","hentry","post","without-featured-image"],"jetpack_sharing_enabled":true,"jetpack_shortlink":"https:\/\/wp.me\/Pan0Xj-5N","jetpack-related-posts":[{"id":107,"url":"https:\/\/buchverlag-reichel.de\/?page_id=107","url_meta":{"origin":359,"position":0},"title":"Schlachtsch\u00fcsselblutBlacky wird verfolgt Schweinfurter Kriminalroman\u2026","author":"bvreicheladmin","date":"23. Oktober 2018","format":false,"excerpt":"Schlachtsch\u00fcsselblutBlacky wird verfolgt Schweinfurter Kriminalroman 7256 Seiten, TaschenbuchISBN\u00a0978-3-947846-07-814,- EUR (D) Es ist Schlachtsch\u00fcsselzeit in Schweinfurt. Christian \u201eBlacky\u201c Schwarz, Kriminaloberkommissarin Kerstin Wei\u00df und ihre Gro\u00dfmutter Martha Grimm haben es mit einer Reihe von merkw\u00fcrdigen Vorf\u00e4llen zu tun. Radiomoderator Blacky hat eine omin\u00f6se Begegnung mit einem Bettler, der durch die Stadt zieht\u2026","rel":"","context":"\u00c4hnlicher Beitrag","block_context":{"text":"\u00c4hnlicher Beitrag","link":""},"img":{"alt_text":"","src":"https:\/\/i0.wp.com\/buchverlag-reichel.de\/wp-content\/uploads\/2018\/10\/Cover_7_Schlachtschu%CC%88sselblut.jpg?resize=350%2C200&ssl=1","width":350,"height":200,"srcset":"https:\/\/i0.wp.com\/buchverlag-reichel.de\/wp-content\/uploads\/2018\/10\/Cover_7_Schlachtschu%CC%88sselblut.jpg?resize=350%2C200&ssl=1 1x, https:\/\/i0.wp.com\/buchverlag-reichel.de\/wp-content\/uploads\/2018\/10\/Cover_7_Schlachtschu%CC%88sselblut.jpg?resize=525%2C300&ssl=1 1.5x"},"classes":[]},{"id":398,"url":"https:\/\/buchverlag-reichel.de\/?page_id=398","url_meta":{"origin":359,"position":1},"title":"Die Morata-Morde","author":"bvreicheladmin","date":"20. November 2025","format":false,"excerpt":"Die Morata-MordeLinda Morata ermittelt Schweinfurter Kriminalroman 11150 Seiten, TaschenbuchISBN 978-3-947846-11-512,- EUR (D) Eine bizarre Mordserie in Schweinfurt. Ein junges M\u00e4dchen, verkleidet als Weihnachtsengel, ist das erste Opfer. Am Neujahrsmorgen wird die zweite Leiche gefunden: ein alter Mann im Kost\u00fcm eines Kaminkehrers mit einem Marzipanschwein auf der Brust. Und am Dreik\u00f6nigstag\u2026","rel":"","context":"\u00c4hnlicher Beitrag","block_context":{"text":"\u00c4hnlicher Beitrag","link":""},"img":{"alt_text":"","src":"https:\/\/i0.wp.com\/buchverlag-reichel.de\/wp-content\/uploads\/2025\/11\/BLR_LM-1_Umschlag_promo2.jpg?resize=350%2C200&ssl=1","width":350,"height":200,"srcset":"https:\/\/i0.wp.com\/buchverlag-reichel.de\/wp-content\/uploads\/2025\/11\/BLR_LM-1_Umschlag_promo2.jpg?resize=350%2C200&ssl=1 1x, https:\/\/i0.wp.com\/buchverlag-reichel.de\/wp-content\/uploads\/2025\/11\/BLR_LM-1_Umschlag_promo2.jpg?resize=525%2C300&ssl=1 1.5x, https:\/\/i0.wp.com\/buchverlag-reichel.de\/wp-content\/uploads\/2025\/11\/BLR_LM-1_Umschlag_promo2.jpg?resize=700%2C400&ssl=1 2x, https:\/\/i0.wp.com\/buchverlag-reichel.de\/wp-content\/uploads\/2025\/11\/BLR_LM-1_Umschlag_promo2.jpg?resize=1050%2C600&ssl=1 3x, https:\/\/i0.wp.com\/buchverlag-reichel.de\/wp-content\/uploads\/2025\/11\/BLR_LM-1_Umschlag_promo2.jpg?resize=1400%2C800&ssl=1 4x"},"classes":[]},{"id":127,"url":"https:\/\/buchverlag-reichel.de\/?page_id=127","url_meta":{"origin":359,"position":2},"title":"KindertotenliederBlacky tritt auf Schweinfurter Kriminalroman\u2026","author":"bvreicheladmin","date":"23. Oktober 2018","format":false,"excerpt":"KindertotenliederBlacky tritt auf Schweinfurter Kriminalroman 1237 Seiten, TaschenbuchISBN\u00a0978-3-947846-01-614,- EUR (D) Keine n\u00e4rrischen Tage in Schweinfurt\u2026 Die Faschingszeit von Altweiberfasching bis Aschermittwoch l\u00e4hmt die Stadt. Ausgerechnet auf dem R\u00fcckert-Denkmal wird eine Leiche gefunden. Welche Feinde hatte der tote Faschingsprinz, ein angesehener B\u00fcrger Schweinfurts? Gleichzeitig besch\u00e4ftigt ein verschwundenes t\u00fcrkisches M\u00e4dchen die \u00d6ffentlichkeit.\u2026","rel":"","context":"\u00c4hnlicher Beitrag","block_context":{"text":"\u00c4hnlicher Beitrag","link":""},"img":{"alt_text":"","src":"https:\/\/i0.wp.com\/buchverlag-reichel.de\/wp-content\/uploads\/2018\/10\/Cover_1_Kindertotenlieder.jpg?resize=350%2C200&ssl=1","width":350,"height":200,"srcset":"https:\/\/i0.wp.com\/buchverlag-reichel.de\/wp-content\/uploads\/2018\/10\/Cover_1_Kindertotenlieder.jpg?resize=350%2C200&ssl=1 1x, https:\/\/i0.wp.com\/buchverlag-reichel.de\/wp-content\/uploads\/2018\/10\/Cover_1_Kindertotenlieder.jpg?resize=525%2C300&ssl=1 1.5x"},"classes":[]},{"id":121,"url":"https:\/\/buchverlag-reichel.de\/?page_id=121","url_meta":{"origin":359,"position":3},"title":"SommernachtstraumBlacky spielt mit Schweinfurter Kriminalroman\u2026","author":"bvreicheladmin","date":"23. Oktober 2018","format":false,"excerpt":"SommernachtstraumBlacky spielt mit Schweinfurter Kriminalroman 4240 Seiten, TaschenbuchISBN\u00a0978-3-947846-04-714,- EUR (D) Wie jedes Jahr ist das traditionelle Volksfest in Schweinfurt voller Attraktionen. Das\u00a0Grauenhaft gruselige Curiosit\u00e4ten-Cabinett\u00a0zieht auch Christian \u201eBlacky\u201c Schwarz und Kriminaloberkommissarin Kerstin Wei\u00df an. Aber w\u00e4hrend hier alles nur Schein und Kulisse ist, wird ausgerechnet in einer Gondel des Riesenrades eine\u2026","rel":"","context":"\u00c4hnlicher Beitrag","block_context":{"text":"\u00c4hnlicher Beitrag","link":""},"img":{"alt_text":"","src":"https:\/\/i0.wp.com\/buchverlag-reichel.de\/wp-content\/uploads\/2018\/10\/Cover_4_Sommernachtstraum.jpg?resize=350%2C200&ssl=1","width":350,"height":200,"srcset":"https:\/\/i0.wp.com\/buchverlag-reichel.de\/wp-content\/uploads\/2018\/10\/Cover_4_Sommernachtstraum.jpg?resize=350%2C200&ssl=1 1x, https:\/\/i0.wp.com\/buchverlag-reichel.de\/wp-content\/uploads\/2018\/10\/Cover_4_Sommernachtstraum.jpg?resize=525%2C300&ssl=1 1.5x"},"classes":[]},{"id":116,"url":"https:\/\/buchverlag-reichel.de\/?page_id=116","url_meta":{"origin":359,"position":4},"title":"HerbstzeitlosenBlacky blickt durch Schweinfurter Kriminalroman\u2026","author":"bvreicheladmin","date":"23. Oktober 2018","format":false,"excerpt":"HerbstzeitlosenBlacky blickt durch Schweinfurter Kriminalroman 6255 Seiten, TaschenbuchISBN\u00a0978-3-947846-06-114,- EUR (D) In Schweinfurt beginnt allm\u00e4hlich der Herbst, und Radiomoderator Christian \u201eBlacky\u201c Schwarz hat es erneut mit einem kniffligen Fall zu tun. Der Leiter der Mordkommis\u00adsion, Kriminalhauptkommissar Wolfram Bayer, und Kri\u00adminaloberkommissarin Kerstin Wei\u00df bitten ihn diskret um Mithilfe. Im Konferenzzentrum auf der\u2026","rel":"","context":"\u00c4hnlicher Beitrag","block_context":{"text":"\u00c4hnlicher Beitrag","link":""},"img":{"alt_text":"","src":"https:\/\/i0.wp.com\/buchverlag-reichel.de\/wp-content\/uploads\/2018\/10\/Cover_6_Herbstzeitlosen.jpg?resize=350%2C200&ssl=1","width":350,"height":200,"srcset":"https:\/\/i0.wp.com\/buchverlag-reichel.de\/wp-content\/uploads\/2018\/10\/Cover_6_Herbstzeitlosen.jpg?resize=350%2C200&ssl=1 1x, https:\/\/i0.wp.com\/buchverlag-reichel.de\/wp-content\/uploads\/2018\/10\/Cover_6_Herbstzeitlosen.jpg?resize=525%2C300&ssl=1 1.5x"},"classes":[]},{"id":125,"url":"https:\/\/buchverlag-reichel.de\/?page_id=125","url_meta":{"origin":359,"position":5},"title":"KarfreitagszauberBlacky macht weiter Schweinfurter Kriminalroman\u2026","author":"bvreicheladmin","date":"23. Oktober 2018","format":false,"excerpt":"KarfreitagszauberBlacky macht weiter Schweinfurter Kriminalroman 2236 Seiten, TaschenbuchISBN\u00a0978-3-947846-02-314,- EUR (D) Die Karwoche in Schweinfurt und Umgebung\u2026 Beim Joggen in den Wehranlagen kommt Christian \u00bbBlacky\u00ab Schwarz, Moderator bei Main-Radio Schweinfurt, einer jungen Frau zu Hilfe. Noch ahnt er nicht, dass er damit erneut in einen mysteri\u00f6sen Kriminalfall ger\u00e4t. Sehr zum Unwillen\u2026","rel":"","context":"\u00c4hnlicher Beitrag","block_context":{"text":"\u00c4hnlicher Beitrag","link":""},"img":{"alt_text":"","src":"https:\/\/i0.wp.com\/buchverlag-reichel.de\/wp-content\/uploads\/2018\/10\/Cover_2_Karfreitagszauber.jpg?resize=350%2C200&ssl=1","width":350,"height":200,"srcset":"https:\/\/i0.wp.com\/buchverlag-reichel.de\/wp-content\/uploads\/2018\/10\/Cover_2_Karfreitagszauber.jpg?resize=350%2C200&ssl=1 1x, https:\/\/i0.wp.com\/buchverlag-reichel.de\/wp-content\/uploads\/2018\/10\/Cover_2_Karfreitagszauber.jpg?resize=525%2C300&ssl=1 1.5x"},"classes":[]}],"_links":{"self":[{"href":"https:\/\/buchverlag-reichel.de\/index.php?rest_route=\/wp\/v2\/pages\/359","targetHints":{"allow":["GET"]}}],"collection":[{"href":"https:\/\/buchverlag-reichel.de\/index.php?rest_route=\/wp\/v2\/pages"}],"about":[{"href":"https:\/\/buchverlag-reichel.de\/index.php?rest_route=\/wp\/v2\/types\/page"}],"author":[{"embeddable":true,"href":"https:\/\/buchverlag-reichel.de\/index.php?rest_route=\/wp\/v2\/users\/1"}],"replies":[{"embeddable":true,"href":"https:\/\/buchverlag-reichel.de\/index.php?rest_route=%2Fwp%2Fv2%2Fcomments&post=359"}],"version-history":[{"count":10,"href":"https:\/\/buchverlag-reichel.de\/index.php?rest_route=\/wp\/v2\/pages\/359\/revisions"}],"predecessor-version":[{"id":401,"href":"https:\/\/buchverlag-reichel.de\/index.php?rest_route=\/wp\/v2\/pages\/359\/revisions\/401"}],"wp:attachment":[{"href":"https:\/\/buchverlag-reichel.de\/index.php?rest_route=%2Fwp%2Fv2%2Fmedia&parent=359"}],"curies":[{"name":"wp","href":"https:\/\/api.w.org\/{rel}","templated":true}]}}