{"id":300,"date":"2020-01-28T22:45:14","date_gmt":"2020-01-28T21:45:14","guid":{"rendered":"http:\/\/buchverlag-reichel.de\/?page_id=300"},"modified":"2024-12-02T17:16:10","modified_gmt":"2024-12-02T16:16:10","slug":"300-2","status":"publish","type":"page","link":"https:\/\/buchverlag-reichel.de\/?page_id=300","title":{"rendered":""},"content":{"rendered":"<div class=\"wp-block-image is-resized\">\n<figure class=\"alignleft size-medium\"><img loading=\"lazy\" decoding=\"async\" width=\"2835\" height=\"4488\" data-attachment-id=\"252\" data-permalink=\"https:\/\/buchverlag-reichel.de\/?attachment_id=252\" data-orig-file=\"https:\/\/i0.wp.com\/buchverlag-reichel.de\/wp-content\/uploads\/2020\/01\/Cover_9_Rauhnachtgrauen.png?fit=2835%2C4488&amp;ssl=1\" data-orig-size=\"2835,4488\" data-comments-opened=\"1\" data-image-meta=\"{&quot;aperture&quot;:&quot;0&quot;,&quot;credit&quot;:&quot;&quot;,&quot;camera&quot;:&quot;&quot;,&quot;caption&quot;:&quot;&quot;,&quot;created_timestamp&quot;:&quot;0&quot;,&quot;copyright&quot;:&quot;&quot;,&quot;focal_length&quot;:&quot;0&quot;,&quot;iso&quot;:&quot;0&quot;,&quot;shutter_speed&quot;:&quot;0&quot;,&quot;title&quot;:&quot;&quot;,&quot;orientation&quot;:&quot;0&quot;}\" data-image-title=\"Cover_9_Rauhnachtgrauen\" data-image-description=\"\" data-image-caption=\"\" data-medium-file=\"https:\/\/i0.wp.com\/buchverlag-reichel.de\/wp-content\/uploads\/2020\/01\/Cover_9_Rauhnachtgrauen.png?fit=190%2C300&amp;ssl=1\" data-large-file=\"https:\/\/i0.wp.com\/buchverlag-reichel.de\/wp-content\/uploads\/2020\/01\/Cover_9_Rauhnachtgrauen.png?fit=647%2C1024&amp;ssl=1\" src=\"https:\/\/i2.wp.com\/buchverlag-reichel.de\/wp-content\/uploads\/2020\/01\/Cover_9_Rauhnachtgrauen.png?fit=190%2C300\" alt=\"\" class=\"wp-image-252\" style=\"width:200px\" srcset=\"https:\/\/i0.wp.com\/buchverlag-reichel.de\/wp-content\/uploads\/2020\/01\/Cover_9_Rauhnachtgrauen.png?w=2835&amp;ssl=1 2835w, https:\/\/i0.wp.com\/buchverlag-reichel.de\/wp-content\/uploads\/2020\/01\/Cover_9_Rauhnachtgrauen.png?resize=190%2C300&amp;ssl=1 190w, https:\/\/i0.wp.com\/buchverlag-reichel.de\/wp-content\/uploads\/2020\/01\/Cover_9_Rauhnachtgrauen.png?resize=768%2C1216&amp;ssl=1 768w, https:\/\/i0.wp.com\/buchverlag-reichel.de\/wp-content\/uploads\/2020\/01\/Cover_9_Rauhnachtgrauen.png?resize=647%2C1024&amp;ssl=1 647w, https:\/\/i0.wp.com\/buchverlag-reichel.de\/wp-content\/uploads\/2020\/01\/Cover_9_Rauhnachtgrauen.png?resize=1200%2C1900&amp;ssl=1 1200w, https:\/\/i0.wp.com\/buchverlag-reichel.de\/wp-content\/uploads\/2020\/01\/Cover_9_Rauhnachtgrauen.png?resize=1400%2C2216&amp;ssl=1 1400w, https:\/\/i0.wp.com\/buchverlag-reichel.de\/wp-content\/uploads\/2020\/01\/Cover_9_Rauhnachtgrauen.png?resize=300%2C475&amp;ssl=1 300w, https:\/\/i0.wp.com\/buchverlag-reichel.de\/wp-content\/uploads\/2020\/01\/Cover_9_Rauhnachtgrauen.png?w=1810&amp;ssl=1 1810w, https:\/\/i0.wp.com\/buchverlag-reichel.de\/wp-content\/uploads\/2020\/01\/Cover_9_Rauhnachtgrauen.png?w=2715&amp;ssl=1 2715w\" sizes=\"auto, (max-width: 905px) 100vw, 905px\" \/><\/figure><\/div>\n\n\n<p><strong>Rauhnachtgrauen<\/strong><br><em>Blacky in der Unterwelt<\/em><\/p>\n\n\n\n<p style=\"font-size:14px\">Schweinfurter Kriminalroman 9<br>224 Seiten, Taschenbuch<br>ISBN&nbsp;978-3-947846-09-2<br>14,- EUR (D)<\/p>\n\n\n\n<p>Eigentlich ist es eine stille Zeit zwischen den Jahren: die Tage und N\u00e4chte von Weihnachten bis Neujahr. Doch diesmal ist ausgerechnet jetzt in Schweinfurt der Teufel los. Zwei Mordf\u00e4lle in der Stadt und ein Mordanschlag auf Gran Canaria halten Christian &#8222;Blacky&#8220; Schwarz, Kriminaloberkommissarin Kerstin Wei\u00df und ihre Gro\u00dfmutter Martha Grimm in Atem. Und es scheint fast so, als w\u00fcrden uralte Sagen um die geheimnisvollen Rauhn\u00e4chte Wirklichkeit. Kehren tats\u00e4chlich die Toten aus dem Jenseits zur\u00fcck? Ist das Wilde Heer in den L\u00fcften unterwegs? Blackys Freund Lothar, aus Irland zu Besuch, wei\u00df noch mehr Schauergeschichten von der keltischen Nebelinsel. Und unversehens ger\u00e4t Blacky, der eigentlich Urlaub hat, mit dem Leben und der Vergangenheit von Menschen in Ber\u00fchrung, die aus den Weiten Russlands und Sibiriens stammen. Wer sind die Baba Jaga und der Knochenmann von jenseits des Flusses? Steht ein apokalyptischer Krieg zwischen konkurrierenden Mafiabanden bevor? Und was hat der lang zur\u00fcckliegende Doppelmord bei der Eissporthalle mit Geheimdienstoperationen in Dubai zu tun? Antworten auf diese verwickelten Fragen findet Blacky, als er tief hinab in die Unterwelt steigt, wo ein ganz anderes, ein verborgenes Schweinfurt existiert. <\/p>\n","protected":false},"excerpt":{"rendered":"<p>RauhnachtgrauenBlacky in der Unterwelt Schweinfurter Kriminalroman 9224 Seiten, TaschenbuchISBN&nbsp;978-3-947846-09-214,- EUR (D) Eigentlich ist es eine stille Zeit zwischen den Jahren: die Tage und N\u00e4chte von Weihnachten bis Neujahr. Doch diesmal ist ausgerechnet jetzt in Schweinfurt der Teufel los. Zwei Mordf\u00e4lle in der Stadt und ein Mordanschlag auf Gran Canaria halten Christian &#8222;Blacky&#8220; Schwarz, Kriminaloberkommissarin Kerstin &hellip;<\/p>\n","protected":false},"author":1,"featured_media":0,"parent":0,"menu_order":0,"comment_status":"closed","ping_status":"closed","template":"","meta":{"jetpack_post_was_ever_published":false,"footnotes":""},"class_list":["post-300","page","type-page","status-publish","hentry","post","without-featured-image"],"jetpack_sharing_enabled":true,"jetpack_shortlink":"https:\/\/wp.me\/Pan0Xj-4Q","jetpack-related-posts":[{"id":398,"url":"https:\/\/buchverlag-reichel.de\/?page_id=398","url_meta":{"origin":300,"position":0},"title":"Die Morata-Morde","author":"bvreicheladmin","date":"20. November 2025","format":false,"excerpt":"Die Morata-MordeLinda Morata ermittelt Schweinfurter Kriminalroman 11150 Seiten, TaschenbuchISBN 978-3-947846-11-512,- EUR (D) Eine bizarre Mordserie in Schweinfurt. Ein junges M\u00e4dchen, verkleidet als Weihnachtsengel, ist das erste Opfer. Am Neujahrsmorgen wird die zweite Leiche gefunden: ein alter Mann im Kost\u00fcm eines Kaminkehrers mit einem Marzipanschwein auf der Brust. Und am Dreik\u00f6nigstag\u2026","rel":"","context":"\u00c4hnlicher Beitrag","block_context":{"text":"\u00c4hnlicher Beitrag","link":""},"img":{"alt_text":"","src":"https:\/\/i0.wp.com\/buchverlag-reichel.de\/wp-content\/uploads\/2025\/11\/BLR_LM-1_Umschlag_promo2.jpg?resize=350%2C200&ssl=1","width":350,"height":200,"srcset":"https:\/\/i0.wp.com\/buchverlag-reichel.de\/wp-content\/uploads\/2025\/11\/BLR_LM-1_Umschlag_promo2.jpg?resize=350%2C200&ssl=1 1x, https:\/\/i0.wp.com\/buchverlag-reichel.de\/wp-content\/uploads\/2025\/11\/BLR_LM-1_Umschlag_promo2.jpg?resize=525%2C300&ssl=1 1.5x, https:\/\/i0.wp.com\/buchverlag-reichel.de\/wp-content\/uploads\/2025\/11\/BLR_LM-1_Umschlag_promo2.jpg?resize=700%2C400&ssl=1 2x, https:\/\/i0.wp.com\/buchverlag-reichel.de\/wp-content\/uploads\/2025\/11\/BLR_LM-1_Umschlag_promo2.jpg?resize=1050%2C600&ssl=1 3x, https:\/\/i0.wp.com\/buchverlag-reichel.de\/wp-content\/uploads\/2025\/11\/BLR_LM-1_Umschlag_promo2.jpg?resize=1400%2C800&ssl=1 4x"},"classes":[]},{"id":231,"url":"https:\/\/buchverlag-reichel.de\/?page_id=231","url_meta":{"origin":300,"position":1},"title":"Insel der D\u00e4monen","author":"bvreicheladmin","date":"24. Oktober 2018","format":false,"excerpt":"Insel der D\u00e4monenEine Geschichte von Liebe und Tod auf Bali 480 Seiten, gebunden mit SchutzumschlagISBN\u00a0978-3-947846-00-924,- EUR (D) Bali \u2013\u00a0Tr\u00e4ume vom Paradies. Bereits\u00a0im ersten Drittel des zwanzigsten Jahrhunderts suchten zivilisationsm\u00fcde Abendl\u00e4nder auf der indonesischen Insel Bali ein \u00bbParadies\u00ab. Die pazifischen Inseln wie Tahiti oder Hawaii waren ihrer Mythen schon beraubt, Bali\u2026","rel":"","context":"\u00c4hnlicher Beitrag","block_context":{"text":"\u00c4hnlicher Beitrag","link":""},"img":{"alt_text":"","src":"https:\/\/i0.wp.com\/buchverlag-reichel.de\/wp-content\/uploads\/2018\/10\/Cover_Insel-der-Da%CC%88monen.jpg?resize=350%2C200&ssl=1","width":350,"height":200,"srcset":"https:\/\/i0.wp.com\/buchverlag-reichel.de\/wp-content\/uploads\/2018\/10\/Cover_Insel-der-Da%CC%88monen.jpg?resize=350%2C200&ssl=1 1x, https:\/\/i0.wp.com\/buchverlag-reichel.de\/wp-content\/uploads\/2018\/10\/Cover_Insel-der-Da%CC%88monen.jpg?resize=525%2C300&ssl=1 1.5x"},"classes":[]},{"id":116,"url":"https:\/\/buchverlag-reichel.de\/?page_id=116","url_meta":{"origin":300,"position":2},"title":"HerbstzeitlosenBlacky blickt durch Schweinfurter Kriminalroman\u2026","author":"bvreicheladmin","date":"23. Oktober 2018","format":false,"excerpt":"HerbstzeitlosenBlacky blickt durch Schweinfurter Kriminalroman 6255 Seiten, TaschenbuchISBN\u00a0978-3-947846-06-114,- EUR (D) In Schweinfurt beginnt allm\u00e4hlich der Herbst, und Radiomoderator Christian \u201eBlacky\u201c Schwarz hat es erneut mit einem kniffligen Fall zu tun. Der Leiter der Mordkommis\u00adsion, Kriminalhauptkommissar Wolfram Bayer, und Kri\u00adminaloberkommissarin Kerstin Wei\u00df bitten ihn diskret um Mithilfe. Im Konferenzzentrum auf der\u2026","rel":"","context":"\u00c4hnlicher Beitrag","block_context":{"text":"\u00c4hnlicher Beitrag","link":""},"img":{"alt_text":"","src":"https:\/\/i0.wp.com\/buchverlag-reichel.de\/wp-content\/uploads\/2018\/10\/Cover_6_Herbstzeitlosen.jpg?resize=350%2C200&ssl=1","width":350,"height":200,"srcset":"https:\/\/i0.wp.com\/buchverlag-reichel.de\/wp-content\/uploads\/2018\/10\/Cover_6_Herbstzeitlosen.jpg?resize=350%2C200&ssl=1 1x, https:\/\/i0.wp.com\/buchverlag-reichel.de\/wp-content\/uploads\/2018\/10\/Cover_6_Herbstzeitlosen.jpg?resize=525%2C300&ssl=1 1.5x"},"classes":[]},{"id":121,"url":"https:\/\/buchverlag-reichel.de\/?page_id=121","url_meta":{"origin":300,"position":3},"title":"SommernachtstraumBlacky spielt mit Schweinfurter Kriminalroman\u2026","author":"bvreicheladmin","date":"23. Oktober 2018","format":false,"excerpt":"SommernachtstraumBlacky spielt mit Schweinfurter Kriminalroman 4240 Seiten, TaschenbuchISBN\u00a0978-3-947846-04-714,- EUR (D) Wie jedes Jahr ist das traditionelle Volksfest in Schweinfurt voller Attraktionen. Das\u00a0Grauenhaft gruselige Curiosit\u00e4ten-Cabinett\u00a0zieht auch Christian \u201eBlacky\u201c Schwarz und Kriminaloberkommissarin Kerstin Wei\u00df an. Aber w\u00e4hrend hier alles nur Schein und Kulisse ist, wird ausgerechnet in einer Gondel des Riesenrades eine\u2026","rel":"","context":"\u00c4hnlicher Beitrag","block_context":{"text":"\u00c4hnlicher Beitrag","link":""},"img":{"alt_text":"","src":"https:\/\/i0.wp.com\/buchverlag-reichel.de\/wp-content\/uploads\/2018\/10\/Cover_4_Sommernachtstraum.jpg?resize=350%2C200&ssl=1","width":350,"height":200,"srcset":"https:\/\/i0.wp.com\/buchverlag-reichel.de\/wp-content\/uploads\/2018\/10\/Cover_4_Sommernachtstraum.jpg?resize=350%2C200&ssl=1 1x, https:\/\/i0.wp.com\/buchverlag-reichel.de\/wp-content\/uploads\/2018\/10\/Cover_4_Sommernachtstraum.jpg?resize=525%2C300&ssl=1 1.5x"},"classes":[]},{"id":68,"url":"https:\/\/buchverlag-reichel.de\/?page_id=68","url_meta":{"origin":300,"position":4},"title":"Gl\u00fchweingiftBlacky und die Vergangenheit Schweinfurter\u2026","author":"bvreicheladmin","date":"23. Oktober 2018","format":false,"excerpt":"Gl\u00fchweingiftBlacky und die Vergangenheit Schweinfurter Kriminalroman 8220 Seiten, TaschenbuchISBN\u00a0978-3-947846-08-514,- EUR (D) Es ist Advent geworden in Schweinfurt. Auf dem Weihnachtsmarkt bricht eine Frau tot zusammen. Rasch verbreitet sich das Ger\u00fccht, sie sei an vergiftetem Gl\u00fchwein gestorben. Nicht ganz unschuldig daran S\u00f6ren Eckenstade, der \u00fcbereifrige Volont\u00e4r von Main-Radio Schweinfurt. W\u00e4hrenddessen wird\u2026","rel":"","context":"\u00c4hnlicher Beitrag","block_context":{"text":"\u00c4hnlicher Beitrag","link":""},"img":{"alt_text":"","src":"https:\/\/i0.wp.com\/buchverlag-reichel.de\/wp-content\/uploads\/2018\/10\/Schweinfurtkrimi-Glu%CC%88hweingift-Umschlag-2018-RGB.jpeg?resize=350%2C200&ssl=1","width":350,"height":200},"classes":[]},{"id":119,"url":"https:\/\/buchverlag-reichel.de\/?page_id=119","url_meta":{"origin":300,"position":5},"title":"Totengr\u00e4berspukBlacky sieht Gespenster Schweinfurter Kriminalroman\u2026","author":"bvreicheladmin","date":"23. Oktober 2018","format":false,"excerpt":"Totengr\u00e4berspukBlacky sieht Gespenster Schweinfurter Kriminalroman 5211 Seiten, TaschenbuchISBN\u00a0978-3-947846-05-414,- EUR (D) \u00dcberst\u00fcrzt reist Blacky mitten im Sommer nach Irland. Sein Freund Lothar, der dort Schweinfurt-Krimis schreibt, ist spurlos verschwunden. Was ist auf der Gr\u00fcnen Insel geschehen? W\u00e4hrend Blacky glaubt, dort Gespenster zu sehen, geschieht das Gleiche zuhause: Paul Neumann, den in\u2026","rel":"","context":"\u00c4hnlicher Beitrag","block_context":{"text":"\u00c4hnlicher Beitrag","link":""},"img":{"alt_text":"","src":"https:\/\/i0.wp.com\/buchverlag-reichel.de\/wp-content\/uploads\/2018\/10\/Cover_5_Totengra%CC%88berspuk.jpg?resize=350%2C200&ssl=1","width":350,"height":200,"srcset":"https:\/\/i0.wp.com\/buchverlag-reichel.de\/wp-content\/uploads\/2018\/10\/Cover_5_Totengra%CC%88berspuk.jpg?resize=350%2C200&ssl=1 1x, https:\/\/i0.wp.com\/buchverlag-reichel.de\/wp-content\/uploads\/2018\/10\/Cover_5_Totengra%CC%88berspuk.jpg?resize=525%2C300&ssl=1 1.5x"},"classes":[]}],"_links":{"self":[{"href":"https:\/\/buchverlag-reichel.de\/index.php?rest_route=\/wp\/v2\/pages\/300","targetHints":{"allow":["GET"]}}],"collection":[{"href":"https:\/\/buchverlag-reichel.de\/index.php?rest_route=\/wp\/v2\/pages"}],"about":[{"href":"https:\/\/buchverlag-reichel.de\/index.php?rest_route=\/wp\/v2\/types\/page"}],"author":[{"embeddable":true,"href":"https:\/\/buchverlag-reichel.de\/index.php?rest_route=\/wp\/v2\/users\/1"}],"replies":[{"embeddable":true,"href":"https:\/\/buchverlag-reichel.de\/index.php?rest_route=%2Fwp%2Fv2%2Fcomments&post=300"}],"version-history":[{"count":6,"href":"https:\/\/buchverlag-reichel.de\/index.php?rest_route=\/wp\/v2\/pages\/300\/revisions"}],"predecessor-version":[{"id":367,"href":"https:\/\/buchverlag-reichel.de\/index.php?rest_route=\/wp\/v2\/pages\/300\/revisions\/367"}],"wp:attachment":[{"href":"https:\/\/buchverlag-reichel.de\/index.php?rest_route=%2Fwp%2Fv2%2Fmedia&parent=300"}],"curies":[{"name":"wp","href":"https:\/\/api.w.org\/{rel}","templated":true}]}}