{"id":18,"date":"2018-10-18T14:26:28","date_gmt":"2018-10-18T12:26:28","guid":{"rendered":"http:\/\/buchverlag-reichel.de\/?page_id=18"},"modified":"2024-01-02T22:12:53","modified_gmt":"2024-01-02T21:12:53","slug":"verlag","status":"publish","type":"page","link":"https:\/\/buchverlag-reichel.de\/?page_id=18","title":{"rendered":"Verlag"},"content":{"rendered":"\n<p>Unser Verlag wurde 2018 von Lothar Reichel gegr\u00fcndet und verlegt seitdem exklusiv dessen B\u00fccher &#8211; allen voran die Reihe der Schweinfurter Kriminalromane rund um den Privatdetektiv Christian &#8222;Blacky&#8220; Schwarz. <\/p>\n","protected":false},"excerpt":{"rendered":"<p>Unser Verlag wurde 2018 von Lothar Reichel gegr\u00fcndet und verlegt seitdem exklusiv dessen B\u00fccher &#8211; allen voran die Reihe der Schweinfurter Kriminalromane rund um den Privatdetektiv Christian &#8222;Blacky&#8220; Schwarz.<\/p>\n","protected":false},"author":1,"featured_media":0,"parent":0,"menu_order":0,"comment_status":"closed","ping_status":"closed","template":"","meta":{"jetpack_post_was_ever_published":false,"footnotes":""},"class_list":["post-18","page","type-page","status-publish","hentry","post","without-featured-image"],"jetpack_sharing_enabled":true,"jetpack_shortlink":"https:\/\/wp.me\/Pan0Xj-i","jetpack-related-posts":[{"id":20,"url":"https:\/\/buchverlag-reichel.de\/?page_id=20","url_meta":{"origin":18,"position":0},"title":"Kontakt","author":"bvreicheladmin","date":"18. Oktober 2018","format":false,"excerpt":"Buchverlag Lothar ReichelQuellenweg 1697464 Oberwerrn E-Mail: info[at]buchverlag-reichel.de Buchbestellungen Unsere B\u00fccher erhalten Sie in jeder Buchhandlung. Sollte dies tats\u00e4chlich einmal nicht m\u00f6glich sein, k\u00f6nnen Sie gerne eine Anfrage zur Buchbestellung an unseren Verlag richten.\u00a0 Barsortimente Unsere B\u00fccher werden \u00fcber die Barsortimente von Umbreit und Libri vertrieben. Manuskripte Aktuell haben wir leider\u2026","rel":"","context":"\u00c4hnlicher Beitrag","block_context":{"text":"\u00c4hnlicher Beitrag","link":""},"img":{"alt_text":"","src":"","width":0,"height":0},"classes":[]}],"_links":{"self":[{"href":"https:\/\/buchverlag-reichel.de\/index.php?rest_route=\/wp\/v2\/pages\/18","targetHints":{"allow":["GET"]}}],"collection":[{"href":"https:\/\/buchverlag-reichel.de\/index.php?rest_route=\/wp\/v2\/pages"}],"about":[{"href":"https:\/\/buchverlag-reichel.de\/index.php?rest_route=\/wp\/v2\/types\/page"}],"author":[{"embeddable":true,"href":"https:\/\/buchverlag-reichel.de\/index.php?rest_route=\/wp\/v2\/users\/1"}],"replies":[{"embeddable":true,"href":"https:\/\/buchverlag-reichel.de\/index.php?rest_route=%2Fwp%2Fv2%2Fcomments&post=18"}],"version-history":[{"count":3,"href":"https:\/\/buchverlag-reichel.de\/index.php?rest_route=\/wp\/v2\/pages\/18\/revisions"}],"predecessor-version":[{"id":324,"href":"https:\/\/buchverlag-reichel.de\/index.php?rest_route=\/wp\/v2\/pages\/18\/revisions\/324"}],"wp:attachment":[{"href":"https:\/\/buchverlag-reichel.de\/index.php?rest_route=%2Fwp%2Fv2%2Fmedia&parent=18"}],"curies":[{"name":"wp","href":"https:\/\/api.w.org\/{rel}","templated":true}]}}