{"id":123,"date":"2018-10-23T11:35:34","date_gmt":"2018-10-23T09:35:34","guid":{"rendered":"http:\/\/buchverlag-reichel.de\/?page_id=123"},"modified":"2024-01-02T22:18:09","modified_gmt":"2024-01-02T21:18:09","slug":"123-2","status":"publish","type":"page","link":"https:\/\/buchverlag-reichel.de\/?page_id=123","title":{"rendered":""},"content":{"rendered":"<div class=\"wp-block-image\">\n<figure class=\"alignleft is-resized\"><img data-recalc-dims=\"1\" loading=\"lazy\" decoding=\"async\" width=\"624\" height=\"987\" data-attachment-id=\"54\" data-permalink=\"https:\/\/buchverlag-reichel.de\/?attachment_id=54\" data-orig-file=\"https:\/\/i0.wp.com\/buchverlag-reichel.de\/wp-content\/uploads\/2018\/10\/Cover_3_Walpurgisnacht.jpg?fit=624%2C987&amp;ssl=1\" data-orig-size=\"624,987\" data-comments-opened=\"1\" data-image-meta=\"{&quot;aperture&quot;:&quot;0&quot;,&quot;credit&quot;:&quot;&quot;,&quot;camera&quot;:&quot;&quot;,&quot;caption&quot;:&quot;&quot;,&quot;created_timestamp&quot;:&quot;0&quot;,&quot;copyright&quot;:&quot;&quot;,&quot;focal_length&quot;:&quot;0&quot;,&quot;iso&quot;:&quot;0&quot;,&quot;shutter_speed&quot;:&quot;0&quot;,&quot;title&quot;:&quot;&quot;,&quot;orientation&quot;:&quot;0&quot;}\" data-image-title=\"Cover_3_Walpurgisnacht\" data-image-description=\"\" data-image-caption=\"\" data-medium-file=\"https:\/\/i0.wp.com\/buchverlag-reichel.de\/wp-content\/uploads\/2018\/10\/Cover_3_Walpurgisnacht.jpg?fit=190%2C300&amp;ssl=1\" data-large-file=\"https:\/\/i0.wp.com\/buchverlag-reichel.de\/wp-content\/uploads\/2018\/10\/Cover_3_Walpurgisnacht.jpg?fit=624%2C987&amp;ssl=1\" src=\"https:\/\/i0.wp.com\/buchverlag-reichel.de\/wp-content\/uploads\/2018\/10\/Cover_3_Walpurgisnacht.jpg?resize=624%2C987&#038;ssl=1\" alt=\"\" class=\"wp-image-54\" style=\"width:202px;height:320px\" srcset=\"https:\/\/i0.wp.com\/buchverlag-reichel.de\/wp-content\/uploads\/2018\/10\/Cover_3_Walpurgisnacht.jpg?w=624&amp;ssl=1 624w, https:\/\/i0.wp.com\/buchverlag-reichel.de\/wp-content\/uploads\/2018\/10\/Cover_3_Walpurgisnacht.jpg?resize=190%2C300&amp;ssl=1 190w, https:\/\/i0.wp.com\/buchverlag-reichel.de\/wp-content\/uploads\/2018\/10\/Cover_3_Walpurgisnacht.jpg?resize=300%2C475&amp;ssl=1 300w\" sizes=\"auto, (max-width: 624px) 100vw, 624px\" \/><\/figure><\/div>\n\n\n<p><strong>Walpurgisnacht<\/strong><br><em>Blacky kl\u00e4rt auf<\/em><\/p>\n\n\n\n<p style=\"font-size:14px\">Schweinfurter Kriminalroman 3<br>254 Seiten, Taschenbuch<br>ISBN\u00a0978-3-947846-03-0<br>14,- EUR (D)<\/p>\n\n\n\n<p>Erneut ist Schweinfurt und Umgebung Schauplatz ungew\u00f6hnlicher Verbrechen. Im Hexenbr\u00fcnnle am Rande des H\u00f6llentals wird an einem Sonntagmorgen die nackte Leiche einer Frau entdeckt. Die Mordkommission unter Leitung von Kriminalhauptkommissar Wolfram Bayer steht unter Hochdruck. Denn auch aus dem Ellertsh\u00e4user See ist etwas aufgetaucht, das blankes Entsetzen ausl\u00f6st. Schnell wird klar: Der grausame Mord an der kleinen Laura Gabrieli, der nie aufgekl\u00e4rt werden konnte, ist Teil eines gro\u00dfen, mysteri\u00f6sen Komplotts. Aber was steckt dahinter? W\u00e4hrend das Team von Main-Radio Schweinfurt die traditio\u00adnelle Grillparty zur Walpurgisnacht vorbereitet, geht Christian \u00bbBlacky\u00ab Schwarz wieder eigene Wege. Er st\u00f6\u00dft auf merkw\u00fcrdige Machenschaften im Schweinfurter Gerichtsgeb\u00e4ude und ent\u00addeckt, dass ehrbare M\u00e4nner der Stadt offenbar dunkle Geheimnisse haben. Und nicht nur das: Auch Frauen gehen im Verbor\u00adgenen ganz eigenen Leidenschaften nach. Erstaunt stellt Blacky fest, wie im Hintergrund undurchschaubar F\u00e4den gezogen werden, die es zu entwirren gilt. Beim Knacken eines r\u00e4tselhaften Codes erh\u00e4lt er Unterst\u00fctzung von seinem Freund Lothar, der in Irland mit seinem Schweinfurt-Krimi schon wieder nicht weiterkommt. Und diesmal gelingt es Blacky, die Frage zu kl\u00e4ren, die Schweinfurt seit langem bewegt: Was ist mit Laura Gabrieli geschehen?<\/p>\n","protected":false},"excerpt":{"rendered":"<p>WalpurgisnachtBlacky kl\u00e4rt auf Schweinfurter Kriminalroman 3254 Seiten, TaschenbuchISBN\u00a0978-3-947846-03-014,- EUR (D) Erneut ist Schweinfurt und Umgebung Schauplatz ungew\u00f6hnlicher Verbrechen. Im Hexenbr\u00fcnnle am Rande des H\u00f6llentals wird an einem Sonntagmorgen die nackte Leiche einer Frau entdeckt. Die Mordkommission unter Leitung von Kriminalhauptkommissar Wolfram Bayer steht unter Hochdruck. Denn auch aus dem Ellertsh\u00e4user See ist etwas aufgetaucht, das &hellip;<\/p>\n","protected":false},"author":1,"featured_media":0,"parent":0,"menu_order":0,"comment_status":"closed","ping_status":"closed","template":"","meta":{"jetpack_post_was_ever_published":false,"footnotes":""},"class_list":["post-123","page","type-page","status-publish","hentry","post","without-featured-image"],"jetpack_sharing_enabled":true,"jetpack_shortlink":"https:\/\/wp.me\/Pan0Xj-1Z","jetpack-related-posts":[{"id":68,"url":"https:\/\/buchverlag-reichel.de\/?page_id=68","url_meta":{"origin":123,"position":0},"title":"Gl\u00fchweingiftBlacky und die Vergangenheit Schweinfurter\u2026","author":"bvreicheladmin","date":"23. Oktober 2018","format":false,"excerpt":"Gl\u00fchweingiftBlacky und die Vergangenheit Schweinfurter Kriminalroman 8220 Seiten, TaschenbuchISBN\u00a0978-3-947846-08-514,- EUR (D) Es ist Advent geworden in Schweinfurt. Auf dem Weihnachtsmarkt bricht eine Frau tot zusammen. Rasch verbreitet sich das Ger\u00fccht, sie sei an vergiftetem Gl\u00fchwein gestorben. Nicht ganz unschuldig daran S\u00f6ren Eckenstade, der \u00fcbereifrige Volont\u00e4r von Main-Radio Schweinfurt. W\u00e4hrenddessen wird\u2026","rel":"","context":"\u00c4hnlicher Beitrag","block_context":{"text":"\u00c4hnlicher Beitrag","link":""},"img":{"alt_text":"","src":"https:\/\/i0.wp.com\/buchverlag-reichel.de\/wp-content\/uploads\/2018\/10\/Schweinfurtkrimi-Glu%CC%88hweingift-Umschlag-2018-RGB.jpeg?resize=350%2C200&ssl=1","width":350,"height":200},"classes":[]},{"id":116,"url":"https:\/\/buchverlag-reichel.de\/?page_id=116","url_meta":{"origin":123,"position":1},"title":"HerbstzeitlosenBlacky blickt durch Schweinfurter Kriminalroman\u2026","author":"bvreicheladmin","date":"23. Oktober 2018","format":false,"excerpt":"HerbstzeitlosenBlacky blickt durch Schweinfurter Kriminalroman 6255 Seiten, TaschenbuchISBN\u00a0978-3-947846-06-114,- EUR (D) In Schweinfurt beginnt allm\u00e4hlich der Herbst, und Radiomoderator Christian \u201eBlacky\u201c Schwarz hat es erneut mit einem kniffligen Fall zu tun. Der Leiter der Mordkommis\u00adsion, Kriminalhauptkommissar Wolfram Bayer, und Kri\u00adminaloberkommissarin Kerstin Wei\u00df bitten ihn diskret um Mithilfe. Im Konferenzzentrum auf der\u2026","rel":"","context":"\u00c4hnlicher Beitrag","block_context":{"text":"\u00c4hnlicher Beitrag","link":""},"img":{"alt_text":"","src":"https:\/\/i0.wp.com\/buchverlag-reichel.de\/wp-content\/uploads\/2018\/10\/Cover_6_Herbstzeitlosen.jpg?resize=350%2C200&ssl=1","width":350,"height":200,"srcset":"https:\/\/i0.wp.com\/buchverlag-reichel.de\/wp-content\/uploads\/2018\/10\/Cover_6_Herbstzeitlosen.jpg?resize=350%2C200&ssl=1 1x, https:\/\/i0.wp.com\/buchverlag-reichel.de\/wp-content\/uploads\/2018\/10\/Cover_6_Herbstzeitlosen.jpg?resize=525%2C300&ssl=1 1.5x"},"classes":[]},{"id":398,"url":"https:\/\/buchverlag-reichel.de\/?page_id=398","url_meta":{"origin":123,"position":2},"title":"Die Morata-Morde","author":"bvreicheladmin","date":"20. November 2025","format":false,"excerpt":"Die Morata-MordeLinda Morata ermittelt Schweinfurter Kriminalroman 11150 Seiten, TaschenbuchISBN 978-3-947846-11-512,- EUR (D) Eine bizarre Mordserie in Schweinfurt. Ein junges M\u00e4dchen, verkleidet als Weihnachtsengel, ist das erste Opfer. Am Neujahrsmorgen wird die zweite Leiche gefunden: ein alter Mann im Kost\u00fcm eines Kaminkehrers mit einem Marzipanschwein auf der Brust. Und am Dreik\u00f6nigstag\u2026","rel":"","context":"\u00c4hnlicher Beitrag","block_context":{"text":"\u00c4hnlicher Beitrag","link":""},"img":{"alt_text":"","src":"https:\/\/i0.wp.com\/buchverlag-reichel.de\/wp-content\/uploads\/2025\/11\/BLR_LM-1_Umschlag_promo2.jpg?resize=350%2C200&ssl=1","width":350,"height":200,"srcset":"https:\/\/i0.wp.com\/buchverlag-reichel.de\/wp-content\/uploads\/2025\/11\/BLR_LM-1_Umschlag_promo2.jpg?resize=350%2C200&ssl=1 1x, https:\/\/i0.wp.com\/buchverlag-reichel.de\/wp-content\/uploads\/2025\/11\/BLR_LM-1_Umschlag_promo2.jpg?resize=525%2C300&ssl=1 1.5x, https:\/\/i0.wp.com\/buchverlag-reichel.de\/wp-content\/uploads\/2025\/11\/BLR_LM-1_Umschlag_promo2.jpg?resize=700%2C400&ssl=1 2x, https:\/\/i0.wp.com\/buchverlag-reichel.de\/wp-content\/uploads\/2025\/11\/BLR_LM-1_Umschlag_promo2.jpg?resize=1050%2C600&ssl=1 3x, https:\/\/i0.wp.com\/buchverlag-reichel.de\/wp-content\/uploads\/2025\/11\/BLR_LM-1_Umschlag_promo2.jpg?resize=1400%2C800&ssl=1 4x"},"classes":[]},{"id":107,"url":"https:\/\/buchverlag-reichel.de\/?page_id=107","url_meta":{"origin":123,"position":3},"title":"Schlachtsch\u00fcsselblutBlacky wird verfolgt Schweinfurter Kriminalroman\u2026","author":"bvreicheladmin","date":"23. Oktober 2018","format":false,"excerpt":"Schlachtsch\u00fcsselblutBlacky wird verfolgt Schweinfurter Kriminalroman 7256 Seiten, TaschenbuchISBN\u00a0978-3-947846-07-814,- EUR (D) Es ist Schlachtsch\u00fcsselzeit in Schweinfurt. Christian \u201eBlacky\u201c Schwarz, Kriminaloberkommissarin Kerstin Wei\u00df und ihre Gro\u00dfmutter Martha Grimm haben es mit einer Reihe von merkw\u00fcrdigen Vorf\u00e4llen zu tun. Radiomoderator Blacky hat eine omin\u00f6se Begegnung mit einem Bettler, der durch die Stadt zieht\u2026","rel":"","context":"\u00c4hnlicher Beitrag","block_context":{"text":"\u00c4hnlicher Beitrag","link":""},"img":{"alt_text":"","src":"https:\/\/i0.wp.com\/buchverlag-reichel.de\/wp-content\/uploads\/2018\/10\/Cover_7_Schlachtschu%CC%88sselblut.jpg?resize=350%2C200&ssl=1","width":350,"height":200,"srcset":"https:\/\/i0.wp.com\/buchverlag-reichel.de\/wp-content\/uploads\/2018\/10\/Cover_7_Schlachtschu%CC%88sselblut.jpg?resize=350%2C200&ssl=1 1x, https:\/\/i0.wp.com\/buchverlag-reichel.de\/wp-content\/uploads\/2018\/10\/Cover_7_Schlachtschu%CC%88sselblut.jpg?resize=525%2C300&ssl=1 1.5x"},"classes":[]},{"id":121,"url":"https:\/\/buchverlag-reichel.de\/?page_id=121","url_meta":{"origin":123,"position":4},"title":"SommernachtstraumBlacky spielt mit Schweinfurter Kriminalroman\u2026","author":"bvreicheladmin","date":"23. Oktober 2018","format":false,"excerpt":"SommernachtstraumBlacky spielt mit Schweinfurter Kriminalroman 4240 Seiten, TaschenbuchISBN\u00a0978-3-947846-04-714,- EUR (D) Wie jedes Jahr ist das traditionelle Volksfest in Schweinfurt voller Attraktionen. Das\u00a0Grauenhaft gruselige Curiosit\u00e4ten-Cabinett\u00a0zieht auch Christian \u201eBlacky\u201c Schwarz und Kriminaloberkommissarin Kerstin Wei\u00df an. Aber w\u00e4hrend hier alles nur Schein und Kulisse ist, wird ausgerechnet in einer Gondel des Riesenrades eine\u2026","rel":"","context":"\u00c4hnlicher Beitrag","block_context":{"text":"\u00c4hnlicher Beitrag","link":""},"img":{"alt_text":"","src":"https:\/\/i0.wp.com\/buchverlag-reichel.de\/wp-content\/uploads\/2018\/10\/Cover_4_Sommernachtstraum.jpg?resize=350%2C200&ssl=1","width":350,"height":200,"srcset":"https:\/\/i0.wp.com\/buchverlag-reichel.de\/wp-content\/uploads\/2018\/10\/Cover_4_Sommernachtstraum.jpg?resize=350%2C200&ssl=1 1x, https:\/\/i0.wp.com\/buchverlag-reichel.de\/wp-content\/uploads\/2018\/10\/Cover_4_Sommernachtstraum.jpg?resize=525%2C300&ssl=1 1.5x"},"classes":[]},{"id":119,"url":"https:\/\/buchverlag-reichel.de\/?page_id=119","url_meta":{"origin":123,"position":5},"title":"Totengr\u00e4berspukBlacky sieht Gespenster Schweinfurter Kriminalroman\u2026","author":"bvreicheladmin","date":"23. Oktober 2018","format":false,"excerpt":"Totengr\u00e4berspukBlacky sieht Gespenster Schweinfurter Kriminalroman 5211 Seiten, TaschenbuchISBN\u00a0978-3-947846-05-414,- EUR (D) \u00dcberst\u00fcrzt reist Blacky mitten im Sommer nach Irland. Sein Freund Lothar, der dort Schweinfurt-Krimis schreibt, ist spurlos verschwunden. Was ist auf der Gr\u00fcnen Insel geschehen? W\u00e4hrend Blacky glaubt, dort Gespenster zu sehen, geschieht das Gleiche zuhause: Paul Neumann, den in\u2026","rel":"","context":"\u00c4hnlicher Beitrag","block_context":{"text":"\u00c4hnlicher Beitrag","link":""},"img":{"alt_text":"","src":"https:\/\/i0.wp.com\/buchverlag-reichel.de\/wp-content\/uploads\/2018\/10\/Cover_5_Totengra%CC%88berspuk.jpg?resize=350%2C200&ssl=1","width":350,"height":200,"srcset":"https:\/\/i0.wp.com\/buchverlag-reichel.de\/wp-content\/uploads\/2018\/10\/Cover_5_Totengra%CC%88berspuk.jpg?resize=350%2C200&ssl=1 1x, https:\/\/i0.wp.com\/buchverlag-reichel.de\/wp-content\/uploads\/2018\/10\/Cover_5_Totengra%CC%88berspuk.jpg?resize=525%2C300&ssl=1 1.5x"},"classes":[]}],"_links":{"self":[{"href":"https:\/\/buchverlag-reichel.de\/index.php?rest_route=\/wp\/v2\/pages\/123","targetHints":{"allow":["GET"]}}],"collection":[{"href":"https:\/\/buchverlag-reichel.de\/index.php?rest_route=\/wp\/v2\/pages"}],"about":[{"href":"https:\/\/buchverlag-reichel.de\/index.php?rest_route=\/wp\/v2\/types\/page"}],"author":[{"embeddable":true,"href":"https:\/\/buchverlag-reichel.de\/index.php?rest_route=\/wp\/v2\/users\/1"}],"replies":[{"embeddable":true,"href":"https:\/\/buchverlag-reichel.de\/index.php?rest_route=%2Fwp%2Fv2%2Fcomments&post=123"}],"version-history":[{"count":2,"href":"https:\/\/buchverlag-reichel.de\/index.php?rest_route=\/wp\/v2\/pages\/123\/revisions"}],"predecessor-version":[{"id":329,"href":"https:\/\/buchverlag-reichel.de\/index.php?rest_route=\/wp\/v2\/pages\/123\/revisions\/329"}],"wp:attachment":[{"href":"https:\/\/buchverlag-reichel.de\/index.php?rest_route=%2Fwp%2Fv2%2Fmedia&parent=123"}],"curies":[{"name":"wp","href":"https:\/\/api.w.org\/{rel}","templated":true}]}}