{"id":121,"date":"2018-10-23T11:33:59","date_gmt":"2018-10-23T09:33:59","guid":{"rendered":"http:\/\/buchverlag-reichel.de\/?page_id=121"},"modified":"2024-01-02T22:18:43","modified_gmt":"2024-01-02T21:18:43","slug":"121-2","status":"publish","type":"page","link":"https:\/\/buchverlag-reichel.de\/?page_id=121","title":{"rendered":""},"content":{"rendered":"<div class=\"wp-block-image\">\n<figure class=\"alignleft is-resized\"><img data-recalc-dims=\"1\" loading=\"lazy\" decoding=\"async\" width=\"624\" height=\"988\" data-attachment-id=\"55\" data-permalink=\"https:\/\/buchverlag-reichel.de\/?attachment_id=55\" data-orig-file=\"https:\/\/i0.wp.com\/buchverlag-reichel.de\/wp-content\/uploads\/2018\/10\/Cover_4_Sommernachtstraum.jpg?fit=624%2C988&amp;ssl=1\" data-orig-size=\"624,988\" data-comments-opened=\"1\" data-image-meta=\"{&quot;aperture&quot;:&quot;0&quot;,&quot;credit&quot;:&quot;&quot;,&quot;camera&quot;:&quot;&quot;,&quot;caption&quot;:&quot;&quot;,&quot;created_timestamp&quot;:&quot;0&quot;,&quot;copyright&quot;:&quot;&quot;,&quot;focal_length&quot;:&quot;0&quot;,&quot;iso&quot;:&quot;0&quot;,&quot;shutter_speed&quot;:&quot;0&quot;,&quot;title&quot;:&quot;&quot;,&quot;orientation&quot;:&quot;0&quot;}\" data-image-title=\"Cover_4_Sommernachtstraum\" data-image-description=\"\" data-image-caption=\"\" data-medium-file=\"https:\/\/i0.wp.com\/buchverlag-reichel.de\/wp-content\/uploads\/2018\/10\/Cover_4_Sommernachtstraum.jpg?fit=189%2C300&amp;ssl=1\" data-large-file=\"https:\/\/i0.wp.com\/buchverlag-reichel.de\/wp-content\/uploads\/2018\/10\/Cover_4_Sommernachtstraum.jpg?fit=624%2C988&amp;ssl=1\" src=\"https:\/\/i0.wp.com\/buchverlag-reichel.de\/wp-content\/uploads\/2018\/10\/Cover_4_Sommernachtstraum.jpg?resize=624%2C988&#038;ssl=1\" alt=\"\" class=\"wp-image-55\" style=\"width:202px;height:320px\" srcset=\"https:\/\/i0.wp.com\/buchverlag-reichel.de\/wp-content\/uploads\/2018\/10\/Cover_4_Sommernachtstraum.jpg?w=624&amp;ssl=1 624w, https:\/\/i0.wp.com\/buchverlag-reichel.de\/wp-content\/uploads\/2018\/10\/Cover_4_Sommernachtstraum.jpg?resize=189%2C300&amp;ssl=1 189w, https:\/\/i0.wp.com\/buchverlag-reichel.de\/wp-content\/uploads\/2018\/10\/Cover_4_Sommernachtstraum.jpg?resize=300%2C475&amp;ssl=1 300w\" sizes=\"auto, (max-width: 624px) 100vw, 624px\" \/><\/figure><\/div>\n\n\n<p><strong>Sommernachtstraum<\/strong><br><em>Blacky spielt mit<\/em><\/p>\n\n\n\n<p style=\"font-size:14px\">Schweinfurter Kriminalroman 4<br>240 Seiten, Taschenbuch<br>ISBN\u00a0978-3-947846-04-7<br>14,- EUR (D)<\/p>\n\n\n\n<p>Wie jedes Jahr ist das traditionelle Volksfest in Schweinfurt voller Attraktionen. Das&nbsp;<em>Grauenhaft gruselige Curiosit\u00e4ten-Cabinett&nbsp;<\/em>zieht auch Christian \u201eBlacky\u201c Schwarz und Kriminaloberkommissarin Kerstin Wei\u00df an. Aber w\u00e4hrend hier alles nur Schein und Kulisse ist, wird ausgerechnet in einer Gondel des Riesenrades eine Leiche gefunden. Die Identit\u00e4t des Toten ersch\u00fcttert selbst den altgedienten Leiter der Mordkommission, Wolfram Bayer, bis ins Mark. Ein solches Verbrechen hat es in Schweinfurt noch nie gegeben. Rasch stellt sich die Frage: Soll die Aufkl\u00e4rung des Falles durch die Machenschaften einflussreicher Politiker verhindert werden? Die Kriminalpolizei der Stadt wird&nbsp;bis an ihre Grenzen gefordert. Denn im Schlosspark des Fr\u00e4nkischen Theaters in Ma\u00dfbach ist ein weiteres, \u00e4u\u00dferst brutales Verbrechen geschehen. Ausgerechnet am Rande der Proben zu Shakespeares Kom\u00f6die \u201eEin Sommernachtstraum\u201c ist der Regisseur ermordet worden. Lau und harm\u00adlos sind die Sommern\u00e4chte in Schweinfurt und Umgebung diesmal also nicht. Zu allem \u00dcberfluss h\u00e4lt auch noch der mysteri\u00f6se Absturz eines Hei\u00dfluftballons die Polizei in Atem. Kein Wunder, dass sich Blacky, Moderator bei Main-Radio Schweinfurt, erneut herausgefordert sieht, eigene Ermittlungen anzustellen, die ihn zu Schauspielern und Schaustellern f\u00fchren. Immer mehr stellt sich heraus, dass jeder, der in diese F\u00e4lle verstrickt sind, sein eigenes Ge\u00adheimnis hat. Es sind menschliche Trag\u00f6dien, die weit in&nbsp;die Vergangenheit zur\u00fcckreichen und in diesen Sommern\u00e4chten ihrem H\u00f6hepunkt entgegentreiben. Blacky muss seinen ganzen Scharfsinn aufbieten, um endlich zu durchschauen, welche Lebensschicksale sich tragisch gekreuzt haben. Auch sein Freund Lothar, Kriminalschriftsteller&nbsp;aus Irland, ist bei seinen Ermittlungen wieder mit von&nbsp;der Partie. Und Blacky selbst ger\u00e4t schlie\u00dflich auf dem Schweinfurter Volksfest in h\u00f6chste Lebensgefahr.<\/p>\n","protected":false},"excerpt":{"rendered":"<p>SommernachtstraumBlacky spielt mit Schweinfurter Kriminalroman 4240 Seiten, TaschenbuchISBN\u00a0978-3-947846-04-714,- EUR (D) Wie jedes Jahr ist das traditionelle Volksfest in Schweinfurt voller Attraktionen. Das&nbsp;Grauenhaft gruselige Curiosit\u00e4ten-Cabinett&nbsp;zieht auch Christian \u201eBlacky\u201c Schwarz und Kriminaloberkommissarin Kerstin Wei\u00df an. Aber w\u00e4hrend hier alles nur Schein und Kulisse ist, wird ausgerechnet in einer Gondel des Riesenrades eine Leiche gefunden. Die Identit\u00e4t des &hellip;<\/p>\n","protected":false},"author":1,"featured_media":0,"parent":0,"menu_order":0,"comment_status":"closed","ping_status":"closed","template":"","meta":{"jetpack_post_was_ever_published":false,"footnotes":""},"class_list":["post-121","page","type-page","status-publish","hentry","post","without-featured-image"],"jetpack_sharing_enabled":true,"jetpack_shortlink":"https:\/\/wp.me\/Pan0Xj-1X","jetpack-related-posts":[{"id":123,"url":"https:\/\/buchverlag-reichel.de\/?page_id=123","url_meta":{"origin":121,"position":0},"title":"WalpurgisnachtBlacky kl\u00e4rt auf Schweinfurter Kriminalroman\u2026","author":"bvreicheladmin","date":"23. Oktober 2018","format":false,"excerpt":"WalpurgisnachtBlacky kl\u00e4rt auf Schweinfurter Kriminalroman 3254 Seiten, TaschenbuchISBN\u00a0978-3-947846-03-014,- EUR (D) Erneut ist Schweinfurt und Umgebung Schauplatz ungew\u00f6hnlicher Verbrechen. Im Hexenbr\u00fcnnle am Rande des H\u00f6llentals wird an einem Sonntagmorgen die nackte Leiche einer Frau entdeckt. Die Mordkommission unter Leitung von Kriminalhauptkommissar Wolfram Bayer steht unter Hochdruck. Denn auch aus dem Ellertsh\u00e4user\u2026","rel":"","context":"\u00c4hnlicher Beitrag","block_context":{"text":"\u00c4hnlicher Beitrag","link":""},"img":{"alt_text":"","src":"https:\/\/i0.wp.com\/buchverlag-reichel.de\/wp-content\/uploads\/2018\/10\/Cover_3_Walpurgisnacht.jpg?resize=350%2C200&ssl=1","width":350,"height":200,"srcset":"https:\/\/i0.wp.com\/buchverlag-reichel.de\/wp-content\/uploads\/2018\/10\/Cover_3_Walpurgisnacht.jpg?resize=350%2C200&ssl=1 1x, https:\/\/i0.wp.com\/buchverlag-reichel.de\/wp-content\/uploads\/2018\/10\/Cover_3_Walpurgisnacht.jpg?resize=525%2C300&ssl=1 1.5x"},"classes":[]},{"id":398,"url":"https:\/\/buchverlag-reichel.de\/?page_id=398","url_meta":{"origin":121,"position":1},"title":"Die Morata-Morde","author":"bvreicheladmin","date":"20. November 2025","format":false,"excerpt":"Die Morata-MordeLinda Morata ermittelt Schweinfurter Kriminalroman 11150 Seiten, TaschenbuchISBN 978-3-947846-11-512,- EUR (D) Eine bizarre Mordserie in Schweinfurt. Ein junges M\u00e4dchen, verkleidet als Weihnachtsengel, ist das erste Opfer. Am Neujahrsmorgen wird die zweite Leiche gefunden: ein alter Mann im Kost\u00fcm eines Kaminkehrers mit einem Marzipanschwein auf der Brust. Und am Dreik\u00f6nigstag\u2026","rel":"","context":"\u00c4hnlicher Beitrag","block_context":{"text":"\u00c4hnlicher Beitrag","link":""},"img":{"alt_text":"","src":"https:\/\/i0.wp.com\/buchverlag-reichel.de\/wp-content\/uploads\/2025\/11\/BLR_LM-1_Umschlag_promo2.jpg?resize=350%2C200&ssl=1","width":350,"height":200,"srcset":"https:\/\/i0.wp.com\/buchverlag-reichel.de\/wp-content\/uploads\/2025\/11\/BLR_LM-1_Umschlag_promo2.jpg?resize=350%2C200&ssl=1 1x, https:\/\/i0.wp.com\/buchverlag-reichel.de\/wp-content\/uploads\/2025\/11\/BLR_LM-1_Umschlag_promo2.jpg?resize=525%2C300&ssl=1 1.5x, https:\/\/i0.wp.com\/buchverlag-reichel.de\/wp-content\/uploads\/2025\/11\/BLR_LM-1_Umschlag_promo2.jpg?resize=700%2C400&ssl=1 2x, https:\/\/i0.wp.com\/buchverlag-reichel.de\/wp-content\/uploads\/2025\/11\/BLR_LM-1_Umschlag_promo2.jpg?resize=1050%2C600&ssl=1 3x, https:\/\/i0.wp.com\/buchverlag-reichel.de\/wp-content\/uploads\/2025\/11\/BLR_LM-1_Umschlag_promo2.jpg?resize=1400%2C800&ssl=1 4x"},"classes":[]},{"id":231,"url":"https:\/\/buchverlag-reichel.de\/?page_id=231","url_meta":{"origin":121,"position":2},"title":"Insel der D\u00e4monen","author":"bvreicheladmin","date":"24. Oktober 2018","format":false,"excerpt":"Insel der D\u00e4monenEine Geschichte von Liebe und Tod auf Bali 480 Seiten, gebunden mit SchutzumschlagISBN\u00a0978-3-947846-00-924,- EUR (D) Bali \u2013\u00a0Tr\u00e4ume vom Paradies. Bereits\u00a0im ersten Drittel des zwanzigsten Jahrhunderts suchten zivilisationsm\u00fcde Abendl\u00e4nder auf der indonesischen Insel Bali ein \u00bbParadies\u00ab. Die pazifischen Inseln wie Tahiti oder Hawaii waren ihrer Mythen schon beraubt, Bali\u2026","rel":"","context":"\u00c4hnlicher Beitrag","block_context":{"text":"\u00c4hnlicher Beitrag","link":""},"img":{"alt_text":"","src":"https:\/\/i0.wp.com\/buchverlag-reichel.de\/wp-content\/uploads\/2018\/10\/Cover_Insel-der-Da%CC%88monen.jpg?resize=350%2C200&ssl=1","width":350,"height":200,"srcset":"https:\/\/i0.wp.com\/buchverlag-reichel.de\/wp-content\/uploads\/2018\/10\/Cover_Insel-der-Da%CC%88monen.jpg?resize=350%2C200&ssl=1 1x, https:\/\/i0.wp.com\/buchverlag-reichel.de\/wp-content\/uploads\/2018\/10\/Cover_Insel-der-Da%CC%88monen.jpg?resize=525%2C300&ssl=1 1.5x"},"classes":[]},{"id":68,"url":"https:\/\/buchverlag-reichel.de\/?page_id=68","url_meta":{"origin":121,"position":3},"title":"Gl\u00fchweingiftBlacky und die Vergangenheit Schweinfurter\u2026","author":"bvreicheladmin","date":"23. Oktober 2018","format":false,"excerpt":"Gl\u00fchweingiftBlacky und die Vergangenheit Schweinfurter Kriminalroman 8220 Seiten, TaschenbuchISBN\u00a0978-3-947846-08-514,- EUR (D) Es ist Advent geworden in Schweinfurt. Auf dem Weihnachtsmarkt bricht eine Frau tot zusammen. Rasch verbreitet sich das Ger\u00fccht, sie sei an vergiftetem Gl\u00fchwein gestorben. Nicht ganz unschuldig daran S\u00f6ren Eckenstade, der \u00fcbereifrige Volont\u00e4r von Main-Radio Schweinfurt. W\u00e4hrenddessen wird\u2026","rel":"","context":"\u00c4hnlicher Beitrag","block_context":{"text":"\u00c4hnlicher Beitrag","link":""},"img":{"alt_text":"","src":"https:\/\/i0.wp.com\/buchverlag-reichel.de\/wp-content\/uploads\/2018\/10\/Schweinfurtkrimi-Glu%CC%88hweingift-Umschlag-2018-RGB.jpeg?resize=350%2C200&ssl=1","width":350,"height":200},"classes":[]},{"id":107,"url":"https:\/\/buchverlag-reichel.de\/?page_id=107","url_meta":{"origin":121,"position":4},"title":"Schlachtsch\u00fcsselblutBlacky wird verfolgt Schweinfurter Kriminalroman\u2026","author":"bvreicheladmin","date":"23. Oktober 2018","format":false,"excerpt":"Schlachtsch\u00fcsselblutBlacky wird verfolgt Schweinfurter Kriminalroman 7256 Seiten, TaschenbuchISBN\u00a0978-3-947846-07-814,- EUR (D) Es ist Schlachtsch\u00fcsselzeit in Schweinfurt. Christian \u201eBlacky\u201c Schwarz, Kriminaloberkommissarin Kerstin Wei\u00df und ihre Gro\u00dfmutter Martha Grimm haben es mit einer Reihe von merkw\u00fcrdigen Vorf\u00e4llen zu tun. Radiomoderator Blacky hat eine omin\u00f6se Begegnung mit einem Bettler, der durch die Stadt zieht\u2026","rel":"","context":"\u00c4hnlicher Beitrag","block_context":{"text":"\u00c4hnlicher Beitrag","link":""},"img":{"alt_text":"","src":"https:\/\/i0.wp.com\/buchverlag-reichel.de\/wp-content\/uploads\/2018\/10\/Cover_7_Schlachtschu%CC%88sselblut.jpg?resize=350%2C200&ssl=1","width":350,"height":200,"srcset":"https:\/\/i0.wp.com\/buchverlag-reichel.de\/wp-content\/uploads\/2018\/10\/Cover_7_Schlachtschu%CC%88sselblut.jpg?resize=350%2C200&ssl=1 1x, https:\/\/i0.wp.com\/buchverlag-reichel.de\/wp-content\/uploads\/2018\/10\/Cover_7_Schlachtschu%CC%88sselblut.jpg?resize=525%2C300&ssl=1 1.5x"},"classes":[]},{"id":300,"url":"https:\/\/buchverlag-reichel.de\/?page_id=300","url_meta":{"origin":121,"position":5},"title":"RauhnachtgrauenBlacky in der Unterwelt Schweinfurter\u2026","author":"bvreicheladmin","date":"28. Januar 2020","format":false,"excerpt":"RauhnachtgrauenBlacky in der Unterwelt Schweinfurter Kriminalroman 9224 Seiten, TaschenbuchISBN\u00a0978-3-947846-09-214,- EUR (D) Eigentlich ist es eine stille Zeit zwischen den Jahren: die Tage und N\u00e4chte von Weihnachten bis Neujahr. Doch diesmal ist ausgerechnet jetzt in Schweinfurt der Teufel los. Zwei Mordf\u00e4lle in der Stadt und ein Mordanschlag auf Gran Canaria halten\u2026","rel":"","context":"\u00c4hnlicher Beitrag","block_context":{"text":"\u00c4hnlicher Beitrag","link":""},"img":{"alt_text":"","src":"https:\/\/i0.wp.com\/buchverlag-reichel.de\/wp-content\/uploads\/2020\/01\/Cover_9_Rauhnachtgrauen.png?resize=350%2C200&ssl=1","width":350,"height":200,"srcset":"https:\/\/i0.wp.com\/buchverlag-reichel.de\/wp-content\/uploads\/2020\/01\/Cover_9_Rauhnachtgrauen.png?resize=350%2C200&ssl=1 1x, https:\/\/i0.wp.com\/buchverlag-reichel.de\/wp-content\/uploads\/2020\/01\/Cover_9_Rauhnachtgrauen.png?resize=525%2C300&ssl=1 1.5x, https:\/\/i0.wp.com\/buchverlag-reichel.de\/wp-content\/uploads\/2020\/01\/Cover_9_Rauhnachtgrauen.png?resize=700%2C400&ssl=1 2x, https:\/\/i0.wp.com\/buchverlag-reichel.de\/wp-content\/uploads\/2020\/01\/Cover_9_Rauhnachtgrauen.png?resize=1050%2C600&ssl=1 3x, https:\/\/i0.wp.com\/buchverlag-reichel.de\/wp-content\/uploads\/2020\/01\/Cover_9_Rauhnachtgrauen.png?resize=1400%2C800&ssl=1 4x"},"classes":[]}],"_links":{"self":[{"href":"https:\/\/buchverlag-reichel.de\/index.php?rest_route=\/wp\/v2\/pages\/121","targetHints":{"allow":["GET"]}}],"collection":[{"href":"https:\/\/buchverlag-reichel.de\/index.php?rest_route=\/wp\/v2\/pages"}],"about":[{"href":"https:\/\/buchverlag-reichel.de\/index.php?rest_route=\/wp\/v2\/types\/page"}],"author":[{"embeddable":true,"href":"https:\/\/buchverlag-reichel.de\/index.php?rest_route=\/wp\/v2\/users\/1"}],"replies":[{"embeddable":true,"href":"https:\/\/buchverlag-reichel.de\/index.php?rest_route=%2Fwp%2Fv2%2Fcomments&post=121"}],"version-history":[{"count":2,"href":"https:\/\/buchverlag-reichel.de\/index.php?rest_route=\/wp\/v2\/pages\/121\/revisions"}],"predecessor-version":[{"id":330,"href":"https:\/\/buchverlag-reichel.de\/index.php?rest_route=\/wp\/v2\/pages\/121\/revisions\/330"}],"wp:attachment":[{"href":"https:\/\/buchverlag-reichel.de\/index.php?rest_route=%2Fwp%2Fv2%2Fmedia&parent=121"}],"curies":[{"name":"wp","href":"https:\/\/api.w.org\/{rel}","templated":true}]}}