{"id":119,"date":"2018-10-23T11:32:00","date_gmt":"2018-10-23T09:32:00","guid":{"rendered":"http:\/\/buchverlag-reichel.de\/?page_id=119"},"modified":"2024-01-02T22:19:27","modified_gmt":"2024-01-02T21:19:27","slug":"119-2","status":"publish","type":"page","link":"https:\/\/buchverlag-reichel.de\/?page_id=119","title":{"rendered":""},"content":{"rendered":"<div class=\"wp-block-image\">\n<figure class=\"alignleft is-resized\"><img data-recalc-dims=\"1\" loading=\"lazy\" decoding=\"async\" width=\"624\" height=\"991\" data-attachment-id=\"56\" data-permalink=\"https:\/\/buchverlag-reichel.de\/?attachment_id=56\" data-orig-file=\"https:\/\/i0.wp.com\/buchverlag-reichel.de\/wp-content\/uploads\/2018\/10\/Cover_5_Totengra%CC%88berspuk.jpg?fit=624%2C991&amp;ssl=1\" data-orig-size=\"624,991\" data-comments-opened=\"1\" data-image-meta=\"{&quot;aperture&quot;:&quot;0&quot;,&quot;credit&quot;:&quot;&quot;,&quot;camera&quot;:&quot;&quot;,&quot;caption&quot;:&quot;&quot;,&quot;created_timestamp&quot;:&quot;0&quot;,&quot;copyright&quot;:&quot;&quot;,&quot;focal_length&quot;:&quot;0&quot;,&quot;iso&quot;:&quot;0&quot;,&quot;shutter_speed&quot;:&quot;0&quot;,&quot;title&quot;:&quot;&quot;,&quot;orientation&quot;:&quot;0&quot;}\" data-image-title=\"Cover_5_Totengra\u0308berspuk\" data-image-description=\"\" data-image-caption=\"\" data-medium-file=\"https:\/\/i0.wp.com\/buchverlag-reichel.de\/wp-content\/uploads\/2018\/10\/Cover_5_Totengra%CC%88berspuk.jpg?fit=189%2C300&amp;ssl=1\" data-large-file=\"https:\/\/i0.wp.com\/buchverlag-reichel.de\/wp-content\/uploads\/2018\/10\/Cover_5_Totengra%CC%88berspuk.jpg?fit=624%2C991&amp;ssl=1\" src=\"https:\/\/i0.wp.com\/buchverlag-reichel.de\/wp-content\/uploads\/2018\/10\/Cover_5_Totengra%CC%88berspuk.jpg?resize=624%2C991&#038;ssl=1\" alt=\"\" class=\"wp-image-56\" style=\"width:202px;height:320px\" srcset=\"https:\/\/i0.wp.com\/buchverlag-reichel.de\/wp-content\/uploads\/2018\/10\/Cover_5_Totengra%CC%88berspuk.jpg?w=624&amp;ssl=1 624w, https:\/\/i0.wp.com\/buchverlag-reichel.de\/wp-content\/uploads\/2018\/10\/Cover_5_Totengra%CC%88berspuk.jpg?resize=189%2C300&amp;ssl=1 189w, https:\/\/i0.wp.com\/buchverlag-reichel.de\/wp-content\/uploads\/2018\/10\/Cover_5_Totengra%CC%88berspuk.jpg?resize=300%2C476&amp;ssl=1 300w\" sizes=\"auto, (max-width: 624px) 100vw, 624px\" \/><\/figure><\/div>\n\n\n<p><strong>Totengr\u00e4berspuk<\/strong><br><em>Blacky sieht Gespenster<\/em><\/p>\n\n\n\n<p style=\"font-size:14px\">Schweinfurter Kriminalroman 5<br>211 Seiten, Taschenbuch<br>ISBN\u00a0978-3-947846-05-4<br>14,- EUR (D)<\/p>\n\n\n\n<p>\u00dcberst\u00fcrzt reist Blacky mitten im Sommer nach Irland. Sein Freund Lothar, der dort Schweinfurt-Krimis schreibt, ist spurlos verschwunden. Was ist auf der Gr\u00fcnen Insel geschehen? W\u00e4hrend Blacky glaubt, dort Gespenster zu sehen, geschieht das Gleiche zuhause: Paul Neumann, den in Schweinfurt alle nur \u201eNewman\u201c nennen, f\u00fchlt sich verfolgt, und es scheint, als w\u00fcrden ihn pl\u00f6tzlich die Schandtaten seines Lebens einholen. Dabei will er doch jetzt endlich ein Wohlt\u00e4ter f\u00fcr die Allgemeinheit sein und daf\u00fcr sorgen, dass ein Turm der alten Stadtmauer wiederaufgebaut wird. Aber offenbar tritt er allen m\u00f6glichen Leuten kr\u00e4ftig auf den Schlips. Ehemalige Freunde, ge-winns\u00fcchtige Gesch\u00e4ftsleute und der ber\u00fcchtigte Ucar-Clan scheinen es auf ihn abgesehen zu haben. Als auf gr\u00fcnem Rasen unterhalb der Stadtmauer ein Skelett gefunden wird, steht nicht nur Kriminaloberkommissarin Kerstin Wei\u00df vor einem R\u00e4tsel. Und dann gibt es noch einen Toten \u2013 und eine Frage: Wie ist er eigentlich ums Leben gekommen? In Irland st\u00f6\u00dft Blacky auf eine omin\u00f6se Geschichte, die \u00fcberraschenderweise in Schweinfurt endet.<\/p>\n","protected":false},"excerpt":{"rendered":"<p>Totengr\u00e4berspukBlacky sieht Gespenster Schweinfurter Kriminalroman 5211 Seiten, TaschenbuchISBN\u00a0978-3-947846-05-414,- EUR (D) \u00dcberst\u00fcrzt reist Blacky mitten im Sommer nach Irland. Sein Freund Lothar, der dort Schweinfurt-Krimis schreibt, ist spurlos verschwunden. Was ist auf der Gr\u00fcnen Insel geschehen? W\u00e4hrend Blacky glaubt, dort Gespenster zu sehen, geschieht das Gleiche zuhause: Paul Neumann, den in Schweinfurt alle nur \u201eNewman\u201c nennen, &hellip;<\/p>\n","protected":false},"author":1,"featured_media":0,"parent":0,"menu_order":0,"comment_status":"closed","ping_status":"closed","template":"","meta":{"jetpack_post_was_ever_published":false,"footnotes":""},"class_list":["post-119","page","type-page","status-publish","hentry","post","without-featured-image"],"jetpack_sharing_enabled":true,"jetpack_shortlink":"https:\/\/wp.me\/Pan0Xj-1V","jetpack-related-posts":[{"id":123,"url":"https:\/\/buchverlag-reichel.de\/?page_id=123","url_meta":{"origin":119,"position":0},"title":"WalpurgisnachtBlacky kl\u00e4rt auf Schweinfurter Kriminalroman\u2026","author":"bvreicheladmin","date":"23. Oktober 2018","format":false,"excerpt":"WalpurgisnachtBlacky kl\u00e4rt auf Schweinfurter Kriminalroman 3254 Seiten, TaschenbuchISBN\u00a0978-3-947846-03-014,- EUR (D) Erneut ist Schweinfurt und Umgebung Schauplatz ungew\u00f6hnlicher Verbrechen. Im Hexenbr\u00fcnnle am Rande des H\u00f6llentals wird an einem Sonntagmorgen die nackte Leiche einer Frau entdeckt. Die Mordkommission unter Leitung von Kriminalhauptkommissar Wolfram Bayer steht unter Hochdruck. Denn auch aus dem Ellertsh\u00e4user\u2026","rel":"","context":"\u00c4hnlicher Beitrag","block_context":{"text":"\u00c4hnlicher Beitrag","link":""},"img":{"alt_text":"","src":"https:\/\/i0.wp.com\/buchverlag-reichel.de\/wp-content\/uploads\/2018\/10\/Cover_3_Walpurgisnacht.jpg?resize=350%2C200&ssl=1","width":350,"height":200,"srcset":"https:\/\/i0.wp.com\/buchverlag-reichel.de\/wp-content\/uploads\/2018\/10\/Cover_3_Walpurgisnacht.jpg?resize=350%2C200&ssl=1 1x, https:\/\/i0.wp.com\/buchverlag-reichel.de\/wp-content\/uploads\/2018\/10\/Cover_3_Walpurgisnacht.jpg?resize=525%2C300&ssl=1 1.5x"},"classes":[]},{"id":125,"url":"https:\/\/buchverlag-reichel.de\/?page_id=125","url_meta":{"origin":119,"position":1},"title":"KarfreitagszauberBlacky macht weiter Schweinfurter Kriminalroman\u2026","author":"bvreicheladmin","date":"23. Oktober 2018","format":false,"excerpt":"KarfreitagszauberBlacky macht weiter Schweinfurter Kriminalroman 2236 Seiten, TaschenbuchISBN\u00a0978-3-947846-02-314,- EUR (D) Die Karwoche in Schweinfurt und Umgebung\u2026 Beim Joggen in den Wehranlagen kommt Christian \u00bbBlacky\u00ab Schwarz, Moderator bei Main-Radio Schweinfurt, einer jungen Frau zu Hilfe. Noch ahnt er nicht, dass er damit erneut in einen mysteri\u00f6sen Kriminalfall ger\u00e4t. Sehr zum Unwillen\u2026","rel":"","context":"\u00c4hnlicher Beitrag","block_context":{"text":"\u00c4hnlicher Beitrag","link":""},"img":{"alt_text":"","src":"https:\/\/i0.wp.com\/buchverlag-reichel.de\/wp-content\/uploads\/2018\/10\/Cover_2_Karfreitagszauber.jpg?resize=350%2C200&ssl=1","width":350,"height":200,"srcset":"https:\/\/i0.wp.com\/buchverlag-reichel.de\/wp-content\/uploads\/2018\/10\/Cover_2_Karfreitagszauber.jpg?resize=350%2C200&ssl=1 1x, https:\/\/i0.wp.com\/buchverlag-reichel.de\/wp-content\/uploads\/2018\/10\/Cover_2_Karfreitagszauber.jpg?resize=525%2C300&ssl=1 1.5x"},"classes":[]},{"id":121,"url":"https:\/\/buchverlag-reichel.de\/?page_id=121","url_meta":{"origin":119,"position":2},"title":"SommernachtstraumBlacky spielt mit Schweinfurter Kriminalroman\u2026","author":"bvreicheladmin","date":"23. Oktober 2018","format":false,"excerpt":"SommernachtstraumBlacky spielt mit Schweinfurter Kriminalroman 4240 Seiten, TaschenbuchISBN\u00a0978-3-947846-04-714,- EUR (D) Wie jedes Jahr ist das traditionelle Volksfest in Schweinfurt voller Attraktionen. Das\u00a0Grauenhaft gruselige Curiosit\u00e4ten-Cabinett\u00a0zieht auch Christian \u201eBlacky\u201c Schwarz und Kriminaloberkommissarin Kerstin Wei\u00df an. Aber w\u00e4hrend hier alles nur Schein und Kulisse ist, wird ausgerechnet in einer Gondel des Riesenrades eine\u2026","rel":"","context":"\u00c4hnlicher Beitrag","block_context":{"text":"\u00c4hnlicher Beitrag","link":""},"img":{"alt_text":"","src":"https:\/\/i0.wp.com\/buchverlag-reichel.de\/wp-content\/uploads\/2018\/10\/Cover_4_Sommernachtstraum.jpg?resize=350%2C200&ssl=1","width":350,"height":200,"srcset":"https:\/\/i0.wp.com\/buchverlag-reichel.de\/wp-content\/uploads\/2018\/10\/Cover_4_Sommernachtstraum.jpg?resize=350%2C200&ssl=1 1x, https:\/\/i0.wp.com\/buchverlag-reichel.de\/wp-content\/uploads\/2018\/10\/Cover_4_Sommernachtstraum.jpg?resize=525%2C300&ssl=1 1.5x"},"classes":[]},{"id":107,"url":"https:\/\/buchverlag-reichel.de\/?page_id=107","url_meta":{"origin":119,"position":3},"title":"Schlachtsch\u00fcsselblutBlacky wird verfolgt Schweinfurter Kriminalroman\u2026","author":"bvreicheladmin","date":"23. Oktober 2018","format":false,"excerpt":"Schlachtsch\u00fcsselblutBlacky wird verfolgt Schweinfurter Kriminalroman 7256 Seiten, TaschenbuchISBN\u00a0978-3-947846-07-814,- EUR (D) Es ist Schlachtsch\u00fcsselzeit in Schweinfurt. Christian \u201eBlacky\u201c Schwarz, Kriminaloberkommissarin Kerstin Wei\u00df und ihre Gro\u00dfmutter Martha Grimm haben es mit einer Reihe von merkw\u00fcrdigen Vorf\u00e4llen zu tun. Radiomoderator Blacky hat eine omin\u00f6se Begegnung mit einem Bettler, der durch die Stadt zieht\u2026","rel":"","context":"\u00c4hnlicher Beitrag","block_context":{"text":"\u00c4hnlicher Beitrag","link":""},"img":{"alt_text":"","src":"https:\/\/i0.wp.com\/buchverlag-reichel.de\/wp-content\/uploads\/2018\/10\/Cover_7_Schlachtschu%CC%88sselblut.jpg?resize=350%2C200&ssl=1","width":350,"height":200,"srcset":"https:\/\/i0.wp.com\/buchverlag-reichel.de\/wp-content\/uploads\/2018\/10\/Cover_7_Schlachtschu%CC%88sselblut.jpg?resize=350%2C200&ssl=1 1x, https:\/\/i0.wp.com\/buchverlag-reichel.de\/wp-content\/uploads\/2018\/10\/Cover_7_Schlachtschu%CC%88sselblut.jpg?resize=525%2C300&ssl=1 1.5x"},"classes":[]},{"id":300,"url":"https:\/\/buchverlag-reichel.de\/?page_id=300","url_meta":{"origin":119,"position":4},"title":"RauhnachtgrauenBlacky in der Unterwelt Schweinfurter\u2026","author":"bvreicheladmin","date":"28. Januar 2020","format":false,"excerpt":"RauhnachtgrauenBlacky in der Unterwelt Schweinfurter Kriminalroman 9224 Seiten, TaschenbuchISBN\u00a0978-3-947846-09-214,- EUR (D) Eigentlich ist es eine stille Zeit zwischen den Jahren: die Tage und N\u00e4chte von Weihnachten bis Neujahr. Doch diesmal ist ausgerechnet jetzt in Schweinfurt der Teufel los. Zwei Mordf\u00e4lle in der Stadt und ein Mordanschlag auf Gran Canaria halten\u2026","rel":"","context":"\u00c4hnlicher Beitrag","block_context":{"text":"\u00c4hnlicher Beitrag","link":""},"img":{"alt_text":"","src":"https:\/\/i0.wp.com\/buchverlag-reichel.de\/wp-content\/uploads\/2020\/01\/Cover_9_Rauhnachtgrauen.png?resize=350%2C200&ssl=1","width":350,"height":200,"srcset":"https:\/\/i0.wp.com\/buchverlag-reichel.de\/wp-content\/uploads\/2020\/01\/Cover_9_Rauhnachtgrauen.png?resize=350%2C200&ssl=1 1x, https:\/\/i0.wp.com\/buchverlag-reichel.de\/wp-content\/uploads\/2020\/01\/Cover_9_Rauhnachtgrauen.png?resize=525%2C300&ssl=1 1.5x, https:\/\/i0.wp.com\/buchverlag-reichel.de\/wp-content\/uploads\/2020\/01\/Cover_9_Rauhnachtgrauen.png?resize=700%2C400&ssl=1 2x, https:\/\/i0.wp.com\/buchverlag-reichel.de\/wp-content\/uploads\/2020\/01\/Cover_9_Rauhnachtgrauen.png?resize=1050%2C600&ssl=1 3x, https:\/\/i0.wp.com\/buchverlag-reichel.de\/wp-content\/uploads\/2020\/01\/Cover_9_Rauhnachtgrauen.png?resize=1400%2C800&ssl=1 4x"},"classes":[]},{"id":68,"url":"https:\/\/buchverlag-reichel.de\/?page_id=68","url_meta":{"origin":119,"position":5},"title":"Gl\u00fchweingiftBlacky und die Vergangenheit Schweinfurter\u2026","author":"bvreicheladmin","date":"23. Oktober 2018","format":false,"excerpt":"Gl\u00fchweingiftBlacky und die Vergangenheit Schweinfurter Kriminalroman 8220 Seiten, TaschenbuchISBN\u00a0978-3-947846-08-514,- EUR (D) Es ist Advent geworden in Schweinfurt. Auf dem Weihnachtsmarkt bricht eine Frau tot zusammen. Rasch verbreitet sich das Ger\u00fccht, sie sei an vergiftetem Gl\u00fchwein gestorben. Nicht ganz unschuldig daran S\u00f6ren Eckenstade, der \u00fcbereifrige Volont\u00e4r von Main-Radio Schweinfurt. W\u00e4hrenddessen wird\u2026","rel":"","context":"\u00c4hnlicher Beitrag","block_context":{"text":"\u00c4hnlicher Beitrag","link":""},"img":{"alt_text":"","src":"https:\/\/i0.wp.com\/buchverlag-reichel.de\/wp-content\/uploads\/2018\/10\/Schweinfurtkrimi-Glu%CC%88hweingift-Umschlag-2018-RGB.jpeg?resize=350%2C200&ssl=1","width":350,"height":200},"classes":[]}],"_links":{"self":[{"href":"https:\/\/buchverlag-reichel.de\/index.php?rest_route=\/wp\/v2\/pages\/119","targetHints":{"allow":["GET"]}}],"collection":[{"href":"https:\/\/buchverlag-reichel.de\/index.php?rest_route=\/wp\/v2\/pages"}],"about":[{"href":"https:\/\/buchverlag-reichel.de\/index.php?rest_route=\/wp\/v2\/types\/page"}],"author":[{"embeddable":true,"href":"https:\/\/buchverlag-reichel.de\/index.php?rest_route=\/wp\/v2\/users\/1"}],"replies":[{"embeddable":true,"href":"https:\/\/buchverlag-reichel.de\/index.php?rest_route=%2Fwp%2Fv2%2Fcomments&post=119"}],"version-history":[{"count":3,"href":"https:\/\/buchverlag-reichel.de\/index.php?rest_route=\/wp\/v2\/pages\/119\/revisions"}],"predecessor-version":[{"id":331,"href":"https:\/\/buchverlag-reichel.de\/index.php?rest_route=\/wp\/v2\/pages\/119\/revisions\/331"}],"wp:attachment":[{"href":"https:\/\/buchverlag-reichel.de\/index.php?rest_route=%2Fwp%2Fv2%2Fmedia&parent=119"}],"curies":[{"name":"wp","href":"https:\/\/api.w.org\/{rel}","templated":true}]}}